{"id":1653,"date":"2024-03-08T15:43:03","date_gmt":"2024-03-08T14:43:03","guid":{"rendered":"https:\/\/camping-la-vallee-des-vignes.com\/unser-umweltansatz\/"},"modified":"2024-07-17T09:52:42","modified_gmt":"2024-07-17T07:52:42","slug":"unser-umweltansatz","status":"publish","type":"page","link":"https:\/\/camping-la-vallee-des-vignes.com\/de\/unser-umweltansatz\/","title":{"rendered":"Unser Umweltansatz"},"content":{"rendered":"<section id=\"ls-section-block_f3acee331f8024b8a9517a7e6a7f76cd\" class=\"ls-section  page-one home-intro has-m-t m-t-0 has-p-t p-t-0\" >\r\n        <div class=\"container container--wide\">\r\n        \n\n<h1 class=\"ls__heading wp-block-heading has-text-align-center\">Die Umweltpolitik des Campingplatzes im Departement Maine-et-Loire<\/h1>\n\n\n\n<div class=\"wp-block-columns is-layout-flex wp-container-core-columns-is-layout-9d6595d7 wp-block-columns-is-layout-flex\">\n<div class=\"wp-block-column is-vertically-aligned-center is-layout-flow wp-block-column-is-layout-flow\" style=\"flex-basis:33.33%\">\n<h2 class=\"ls__heading wp-block-heading\"><strong>\u00d6kologisch engagierter Campingplatz<\/strong> in der N\u00e4he von Saumur<\/h2>\n\n\n\n<p class=\"ls-paragraph\">Die Umwelt geht uns alle an! Und auch die des Campingplatzes La Vall\u00e9e des Vignes. Wir sind seit vielen Jahren sehr empf\u00e4nglich f\u00fcr die M\u00fclltrennung. Es wird angenommen, dass, wenn jeder ein wenig tut, unser geliebter Planet dem Klimawandel l\u00e4nger widerstehen kann.  <\/p>\n\n\n\n<div class=\"ls-lire-plus\">\n    <input id=\"ls-lire-plus-block_b8ad064455f7ce7e7d825639d8ce7d7b69ee151df2979\" type=\"checkbox\" class=\"ls-lire-plus__toggle\"  \/>\n    <label for=\"ls-lire-plus-block_b8ad064455f7ce7e7d825639d8ce7d7b69ee151df2979\" class=\"ls-lire-plus__toggle-label\">\n        <span>Lesen Sie mehr<\/span>\n        <span>Lesen Sie mehr<\/span>\n    <\/label>\n    <div class=\"ls-lire-plus__content\">\n        \n\n<p class=\"ls-paragraph\">Wir bevorzugen <strong>elektrische Ger\u00e4te<\/strong> gegen\u00fcber gasbetriebenen. Wir achten auf die<strong>Isolierung unserer Mietobjekte<\/strong>, um den Heizkostenverbrauch zu reduzieren. W\u00e4rmepumpen werden nach und nach alle Heizger\u00e4te ersetzen. Der gesamte Campingplatz ist an ein<strong>kollektives Abwassersystem<\/strong> angeschlossen. Wir bem\u00fchen uns aktiv um einen <strong>sparsamen Umgang mit Wasser<\/strong>. Der Campingplatz nutzt <strong>Elektrofahrzeuge<\/strong> auf dem Gel\u00e4nde des Campingplatzes.<\/p>\n\n\n\n<p class=\"ls-paragraph\">Auf unserem <a href=\"https:\/\/camping-la-vallee-des-vignes.com\/de\/swimmingpool\/\">4-Sterne-Campingplatz mit beheiztem Pool<\/a> verwenden wir eine automatische Pumpe, um eine \u00dcberdosierung der Produkte zu vermeiden. Diese Ger\u00e4te garantieren uns perfekte Hygiene, w\u00e4hrend sie gleichzeitig \u00fcberm\u00e4\u00dfige Verschmutzung und unangemessenen Verbrauch verhindern.<\/p>\n\n\n\n<p class=\"ls-paragraph\">In den Wegen zu Ihrem Zelt- oder Wohnwagenplatz haben wir Solarbeleuchtung installiert. Bei Beleuchtungen, die an das Stromnetz angeschlossen sind, stellen wir sicher, dass alte Gl\u00fchbirnen durch Energiesparlampen ersetzt werden.<\/p>\n\n\n\n<p class=\"ls-paragraph\">Um die nat\u00fcrlichen Ressourcen zu schonen, haben wir Durchflussbegrenzer an den Wasserh\u00e4hnen und Z\u00e4hler an den Mietobjekten installiert.<\/p>\n\n        <div class=\"ls-lire-plus__gradient\" style=\"background: linear-gradient(to bottom,rgba(255,255,255,0) 0%,rgba(255,255,255,1) 100%);\"><\/div>\n    <\/div>\n<\/div><\/div>\n\n\n\n<div class=\"wp-block-column is-layout-flow wp-block-column-is-layout-flow\" style=\"flex-basis:66.66%\">\n<figure class=\"wp-block-image size-full animated fadeIn delay-100ms slow\"><a href=\"https:\/\/camping-la-vallee-des-vignes.com\/wp-content\/uploads\/2024\/06\/accueil-Camping-engage-ecologiquement-pres-de-Saumur.webp\"><img decoding=\"async\" width=\"1000\" height=\"688\" src=\"https:\/\/camping-la-vallee-des-vignes.com\/wp-content\/uploads\/2024\/06\/accueil-Camping-engage-ecologiquement-pres-de-Saumur.webp\" alt=\"Startseite &#xD6;kologisch engagierter Campingplatz in der N&#xE4;he von Saumur\" class=\"wp-image-1509\" srcset=\"https:\/\/camping-la-vallee-des-vignes.com\/wp-content\/uploads\/2024\/06\/accueil-Camping-engage-ecologiquement-pres-de-Saumur.webp 1000w, https:\/\/camping-la-vallee-des-vignes.com\/wp-content\/uploads\/2024\/06\/accueil-Camping-engage-ecologiquement-pres-de-Saumur-300x206.webp 300w, https:\/\/camping-la-vallee-des-vignes.com\/wp-content\/uploads\/2024\/06\/accueil-Camping-engage-ecologiquement-pres-de-Saumur-768x528.webp 768w\" sizes=\"(max-width: 1000px) 100vw, 1000px\" \/><\/a><\/figure>\n<\/div>\n<\/div>\n\n\r\n    <\/div>\r\n<\/section><section id=\"ls-section-block_4f4a819ed530b145550f46d2502b9c22\" class=\"ls-section  home-two has-background-image has-parallax has-background has-color-black-background-color has-m-b m-b-0 has-p-t p-t-30 has-p-b p-b-14\" >\r\n    <div class=\"ls-section__background-image opacity-80\"><img decoding=\"async\" src=\"https:\/\/camping-la-vallee-des-vignes.com\/wp-content\/uploads\/2024\/04\/espaces-vertes-brebis-e1712042449866.webp\" alt=\"espaces vertes brebis\"><\/div>    <div class=\"container container--wide\">\r\n        \n\n<div class=\"wp-block-columns is-layout-flex wp-container-core-columns-is-layout-9d6595d7 wp-block-columns-is-layout-flex\">\n<div class=\"wp-block-column is-vertically-aligned-bottom first is-layout-flow wp-block-column-is-layout-flow\" style=\"flex-basis:33.33%\">\n<h2 class=\"ls__heading wp-block-heading\">Die Pflege unserer  <br\/><strong>Gr\u00fcnfl\u00e4chen<\/strong><\/h2>\n\n\n\n<p class=\"ls-paragraph\">Wir verwenden keine Pflanzenschutzmittel und setzen<strong>\u00d6ko-Weidetiere<\/strong> ein, um die Grasfl\u00e4chen zu pflegen. In diesem Zusammenhang werden <strong>Simone, Marguerite<\/strong>, unsere Schafe und <strong>Starsky und Hutch<\/strong>, unsere Zicklein, sowie <strong>Oscar, Agla\u00eb und Sidonie<\/strong> und die neu angekommenen G\u00e4nse <strong>Jack und Rose<\/strong> den Winter nutzen, um den Rasen des Campingplatzes zu m\u00e4hen.<\/p>\n\n\n\n<p class=\"ls-paragraph\">Wir haben auch <strong>Paulette und Ginette<\/strong>, unsere H\u00fchner mit wei\u00dfen Borsten, die sich an den Regenw\u00fcrmern in der N\u00e4he unseres Hauses g\u00fctlich tun.<\/p>\n<\/div>\n\n\n\n<div class=\"wp-block-column is-vertically-aligned-bottom second is-layout-flow wp-block-column-is-layout-flow\" style=\"flex-basis:66.66%\">\n<div id=\"ls-heading ls-titre-div-block_ac2889d19339678c4c88524ce93eb1bd\" class=\"ls-titre-div alignright h1-like\" >\n    Eine intakte <b>Umwelt f\u00fcr alle!<\/b><\/div>\n<\/div>\n<\/div>\n\n\r\n    <\/div>\r\n<\/section><section id=\"ls-section-block_9409381727d84e15d26d6e044fac538b\" class=\"ls-section  page-one has-p-t p-t-9\" >\r\n        <div class=\"container container--wide\">\r\n        \n\n<div class=\"wp-block-columns is-layout-flex wp-container-core-columns-is-layout-9d6595d7 wp-block-columns-is-layout-flex\">\n<div class=\"wp-block-column is-layout-flow wp-block-column-is-layout-flow\" style=\"flex-basis:66.66%\">\n<figure class=\"wp-block-image size-full\"><a href=\"https:\/\/camping-la-vallee-des-vignes.com\/wp-content\/uploads\/2024\/04\/bacs-de-tri.webp\"><img decoding=\"async\" width=\"1920\" height=\"1280\" src=\"https:\/\/camping-la-vallee-des-vignes.com\/wp-content\/uploads\/2024\/04\/bacs-de-tri.webp\" alt=\"Sortierbeh&#xE4;lter\" class=\"wp-image-900\" srcset=\"https:\/\/camping-la-vallee-des-vignes.com\/wp-content\/uploads\/2024\/04\/bacs-de-tri.webp 1920w, https:\/\/camping-la-vallee-des-vignes.com\/wp-content\/uploads\/2024\/04\/bacs-de-tri-300x200.webp 300w, https:\/\/camping-la-vallee-des-vignes.com\/wp-content\/uploads\/2024\/04\/bacs-de-tri-1024x683.webp 1024w, https:\/\/camping-la-vallee-des-vignes.com\/wp-content\/uploads\/2024\/04\/bacs-de-tri-768x512.webp 768w, https:\/\/camping-la-vallee-des-vignes.com\/wp-content\/uploads\/2024\/04\/bacs-de-tri-1536x1024.webp 1536w\" sizes=\"(max-width: 1920px) 100vw, 1920px\" \/><\/a><\/figure>\n<\/div>\n\n\n\n<div class=\"wp-block-column is-vertically-aligned-center is-layout-flow wp-block-column-is-layout-flow\" style=\"flex-basis:33.33%\">\n<h2 class=\"ls__heading wp-block-heading\"><strong>M\u00fclltrennung<\/strong><\/h2>\n\n\n\n<p class=\"ls-paragraph\">Wir bieten Ihnen nicht nur <strong>Unterk\u00fcnfte mit allem Komfort, sondern auch<\/strong> eine <strong>Qualit\u00e4ts-<\/strong> und <strong>Umweltpolitik<\/strong>, indem wir Ihnen <strong>M\u00fclltrennungsbeh\u00e4lter<\/strong> zur Verf\u00fcgung stellen, um Ihren Abfall auf umweltfreundliche Weise zu entsorgen. In diesem Zusammenhang richten wir ein System zur M\u00fclltrennung ein, das \u00fcberall auf dem Campingplatz und am Eingang installiert ist.<\/p>\n\n\n\n<p class=\"ls-paragraph\">Wenn Sie Fragen zur Einf\u00fchrung der M\u00fclltrennung haben, kommen Sie bitte zur Rezeption und wir werden Ihnen gerne eine Anleitung geben.<\/p>\n<\/div>\n<\/div>\n\n\r\n    <\/div>\r\n<\/section><section id=\"ls-section-block_9409381727d84e15d26d6e044fac538b\" class=\"ls-section  page-one has-p-t p-t-9\" >\r\n        <div class=\"container container--wide\">\r\n        \n\n<div class=\"wp-block-columns is-layout-flex wp-container-core-columns-is-layout-9d6595d7 wp-block-columns-is-layout-flex\">\n<div class=\"wp-block-column is-vertically-aligned-center is-layout-flow wp-block-column-is-layout-flow\" style=\"flex-basis:33.33%\">\n<h2 class=\"ls__heading wp-block-heading\"><strong>Campingplatz am Ufer des Flusses Layon<\/strong> zum Angeln<\/h2>\n\n\n\n<p class=\"ls-paragraph\">Der Campingplatz hat das Gl\u00fcck, an den Fluss <strong>Layon<\/strong> zu grenzen, in dem wir das Gl\u00fcck haben, Frittierfisch angeln zu k\u00f6nnen. Eine Angelkarte k\u00f6nnen Sie in einem Fachgesch\u00e4ft 5 Minuten vom Campingplatz entfernt in Dou\u00e9 la Fontaine kaufen.<\/p>\n\n\n\n<p class=\"ls-paragraph\">Wenn Sie m\u00f6chten, k\u00f6nnen Sie auch Ihre Angelruten mitbringen und die Ruhe und den Frieden der <strong>Region An<\/strong>jou genie\u00dfen.<\/p>\n<\/div>\n\n\n\n<div class=\"wp-block-column is-layout-flow wp-block-column-is-layout-flow\" style=\"flex-basis:66.66%\">\n<figure class=\"wp-block-image size-full\"><a href=\"https:\/\/camping-la-vallee-des-vignes.com\/wp-content\/uploads\/2024\/06\/Camping-La-Vallee-des-Vignes-La-Layon.webp\"><img decoding=\"async\" width=\"1000\" height=\"750\" src=\"https:\/\/camping-la-vallee-des-vignes.com\/wp-content\/uploads\/2024\/06\/Camping-La-Vallee-des-Vignes-La-Layon.webp\" alt=\"Campingplatz La Vallee des Vignes La Layon\" class=\"wp-image-1504\" srcset=\"https:\/\/camping-la-vallee-des-vignes.com\/wp-content\/uploads\/2024\/06\/Camping-La-Vallee-des-Vignes-La-Layon.webp 1000w, https:\/\/camping-la-vallee-des-vignes.com\/wp-content\/uploads\/2024\/06\/Camping-La-Vallee-des-Vignes-La-Layon-300x225.webp 300w, https:\/\/camping-la-vallee-des-vignes.com\/wp-content\/uploads\/2024\/06\/Camping-La-Vallee-des-Vignes-La-Layon-768x576.webp 768w\" sizes=\"(max-width: 1000px) 100vw, 1000px\" \/><\/a><\/figure>\n<\/div>\n<\/div>\n\n\r\n    <\/div>\r\n<\/section><section id=\"ls-section-block_ef1207f3d0c4bb8fbc6eda6b42a281e6\" class=\"ls-section  page-one has-m-t m-t-0 has-p-t p-t-0\" >\r\n        <div class=\"container container--wide\">\r\n        \n\n<div class=\"wp-block-columns is-layout-flex wp-container-core-columns-is-layout-9d6595d7 wp-block-columns-is-layout-flex\">\n<div class=\"wp-block-column is-layout-flow wp-block-column-is-layout-flow\" style=\"flex-basis:66.66%\">\n<figure class=\"wp-block-image size-full animated fadeIn delay-100ms slow\"><a href=\"https:\/\/camping-la-vallee-des-vignes.com\/wp-content\/uploads\/2024\/04\/panier-produits-frais.webp\"><img decoding=\"async\" width=\"1920\" height=\"1200\" src=\"https:\/\/camping-la-vallee-des-vignes.com\/wp-content\/uploads\/2024\/04\/panier-produits-frais.webp\" alt=\"Korb mit frischen Produkten\" class=\"wp-image-940\" srcset=\"https:\/\/camping-la-vallee-des-vignes.com\/wp-content\/uploads\/2024\/04\/panier-produits-frais.webp 1920w, https:\/\/camping-la-vallee-des-vignes.com\/wp-content\/uploads\/2024\/04\/panier-produits-frais-300x188.webp 300w, https:\/\/camping-la-vallee-des-vignes.com\/wp-content\/uploads\/2024\/04\/panier-produits-frais-1024x640.webp 1024w, https:\/\/camping-la-vallee-des-vignes.com\/wp-content\/uploads\/2024\/04\/panier-produits-frais-768x480.webp 768w, https:\/\/camping-la-vallee-des-vignes.com\/wp-content\/uploads\/2024\/04\/panier-produits-frais-1536x960.webp 1536w\" sizes=\"(max-width: 1920px) 100vw, 1920px\" \/><\/a><\/figure>\n<\/div>\n\n\n\n<div class=\"wp-block-column is-vertically-aligned-center is-layout-flow wp-block-column-is-layout-flow\" style=\"flex-basis:33.33%\">\n<h2 class=\"ls__heading wp-block-heading\"><strong>Lokale Produkte<\/strong> in der Bar, Restaurant<\/h2>\n\n\n\n<p class=\"ls-paragraph\">Im <strong>Bar-Restaurant<\/strong> schlie\u00dflich bevorzugen wir die Verwendung von <strong>frischen Produkten<\/strong> und <strong>kurzen Wegen mit lokalen Qualit\u00e4tsprodukten<\/strong> anstelle von Produkten, die aufgrund des weit entfernten Anbaus eine hohe Kohlenstoffdosis erfordern.<\/p>\n\n\n\n<p class=\"ls-paragraph\">Sie werden es verstehen, dass wir auf diesem Campingplatz f\u00fcr eine <strong>nachhaltige Entwicklung<\/strong> sensibilisiert sind. Unsere Ziele sind es, Ihnen einen angenehmen Urlaub in Anjou zu erm\u00f6glichen und gleichzeitig den Planeten f\u00fcr zuk\u00fcnftige Generationen zu erhalten.<\/p>\n<\/div>\n<\/div>\n\n\r\n    <\/div>\r\n<\/section><section id=\"ls-section-block_c093b7a0986f0fd30d1eb3e5fe956397\" class=\"ls-section  page-maillage has-background has-color-4-background-color has-m-b m-b-0 has-p-t p-t-14 has-p-b p-b-14\" >\r\n        <div class=\"container container--wide\">\r\n        \n\n<div id=\"ls-heading ls-titre-div-block_f01992d0f439faeb9aa744a541e6e560\" class=\"ls-titre-div aligncenter h1-like\" >\n    Entdecken Sie den Geist des Campingplatzes, unsere Dienstleistungen und Unterk\u00fcnfte<\/div>\n\n\n<div id=\"ls-maillage-block_c528b88a6e537750ad2890da362c63de\" class=\"ls-maillage cta-style-normal\" data-rows=\"3\">\n    <div class=\"wp-block-columns\"><div class=\"wp-block-column\"><div class=\"ls-cta\">\n\n<a href=\"https:\/\/camping-la-vallee-des-vignes.com\/de\/unsere-dienstleistungen\/\" target=\"\" rel=\"noopener\" class=\"ls-cta__link\" data-categ=\"\">\n\t<div class=\"ls-cta__image\"><img decoding=\"async\" src=\"https:\/\/camping-la-vallee-des-vignes.com\/wp-content\/uploads\/2024\/06\/Camping-La-Vallee-des-Vignes-Burger-Montagnard-1.webp\" alt=\"Camping La Vallee des Vignes Burger Montagnard\"><\/div>\n\t<div class=\"ls-cta__title\">\n\t\t<span>Unsere Dienstleistungen<\/span> <i class=\"vignes-fleche\"><\/i>\n\t<\/div>\n\n\t<\/a><\/div><\/div><div class=\"wp-block-column\"><div class=\"ls-cta\">\n\n<a href=\"https:\/\/camping-la-vallee-des-vignes.com\/de\/der-geist-des-campingplatzes\/\" target=\"\" rel=\"noopener\" class=\"ls-cta__link\" data-categ=\"\">\n\t<div class=\"ls-cta__image\"><img decoding=\"async\" src=\"https:\/\/camping-la-vallee-des-vignes.com\/wp-content\/uploads\/2024\/03\/Camping-La-Vallee-des-Vignes-Vacances-en-famille.webp\" alt=\"Camping La Vallee des Vignes Vacances en famille\"><\/div>\n\t<div class=\"ls-cta__title\">\n\t\t<span>Der Geist des Campingplatzes<\/span> <i class=\"vignes-fleche\"><\/i>\n\t<\/div>\n\n\t<\/a><\/div><\/div><div class=\"wp-block-column\"><div class=\"ls-cta\">\n\n<a href=\"https:\/\/camping-la-vallee-des-vignes.com\/de\/vermietung-unterkunft-doue-en-anjou\/\" target=\"\" rel=\"noopener\" class=\"ls-cta__link\" data-categ=\"\">\n\t<div class=\"ls-cta__image\"><img decoding=\"async\" src=\"https:\/\/camping-la-vallee-des-vignes.com\/wp-content\/uploads\/2024\/04\/mobil-home-confort-3-chambres.webp\" alt=\"Mobilheim Komfort 3 Schlafzimmer\"><\/div>\n\t<div class=\"ls-cta__title\">\n\t\t<span>Unsere Unterk\u00fcnfte<\/span> <i class=\"vignes-fleche\"><\/i>\n\t<\/div>\n\n\t<\/a><\/div><\/div><\/div><\/div>\n\r\n    <\/div>\r\n<\/section>","protected":false},"excerpt":{"rendered":"","protected":false},"author":4,"featured_media":1660,"parent":0,"menu_order":0,"comment_status":"closed","ping_status":"closed","template":"","meta":{"_acf_changed":false,"inline_featured_image":false,"footnotes":""},"sujet":[],"class_list":["post-1653","page","type-page","status-publish","has-post-thumbnail","hentry"],"acf":[],"yoast_head":"<!-- This site is optimized with the Yoast SEO plugin v25.3 - https:\/\/yoast.com\/wordpress\/plugins\/seo\/ -->\n<title>Naturcamping Maine-et-Loire | \u00d6kologischer Campingplatz in der N\u00e4he von Saumur<\/title>\n<meta name=\"description\" content=\"Erleben Sie einen Natururlaub auf dem Campingplatz im Departement Maine-et-Loire. Entdecken Sie die Vorteile eines \u00f6kologischen Campingplatzes in der N\u00e4he von Saumur.\" \/>\n<meta name=\"robots\" content=\"index, follow, max-snippet:-1, max-image-preview:large, max-video-preview:-1\" \/>\n<link rel=\"canonical\" href=\"https:\/\/camping-la-vallee-des-vignes.com\/de\/unser-umweltansatz\/\" \/>\n<meta property=\"og:locale\" content=\"de_DE\" \/>\n<meta property=\"og:type\" content=\"article\" \/>\n<meta property=\"og:title\" content=\"Naturcamping Maine-et-Loire | \u00d6kologischer Campingplatz in der N\u00e4he von Saumur\" \/>\n<meta property=\"og:description\" content=\"Erleben Sie einen Natururlaub auf dem Campingplatz im Departement Maine-et-Loire. Entdecken Sie die Vorteile eines \u00f6kologischen Campingplatzes in der N\u00e4he von Saumur.\" \/>\n<meta property=\"og:url\" content=\"https:\/\/camping-la-vallee-des-vignes.com\/de\/unser-umweltansatz\/\" \/>\n<meta property=\"og:site_name\" content=\"Camping La Vall\u00e9e des Vignes\" \/>\n<meta property=\"article:modified_time\" content=\"2024-07-17T07:52:42+00:00\" \/>\n<meta property=\"og:image\" content=\"https:\/\/camping-la-vallee-des-vignes.com\/wp-content\/uploads\/2024\/04\/homme-plante-nature-environnement.webp\" \/>\n\t<meta property=\"og:image:width\" content=\"1920\" \/>\n\t<meta property=\"og:image:height\" content=\"1200\" \/>\n\t<meta property=\"og:image:type\" content=\"image\/webp\" \/>\n<meta name=\"twitter:card\" content=\"summary_large_image\" \/>\n<meta name=\"twitter:label1\" content=\"Gesch\u00e4tzte Lesezeit\" \/>\n\t<meta name=\"twitter:data1\" content=\"3\u00a0Minuten\" \/>\n<script type=\"application\/ld+json\" class=\"yoast-schema-graph\">{\"@context\":\"https:\/\/schema.org\",\"@graph\":[{\"@type\":\"WebPage\",\"@id\":\"https:\/\/camping-la-vallee-des-vignes.com\/de\/unser-umweltansatz\/\",\"url\":\"https:\/\/camping-la-vallee-des-vignes.com\/de\/unser-umweltansatz\/\",\"name\":\"Naturcamping Maine-et-Loire | \u00d6kologischer Campingplatz in der N\u00e4he von Saumur\",\"isPartOf\":{\"@id\":\"https:\/\/camping-la-vallee-des-vignes.com\/#website\"},\"primaryImageOfPage\":{\"@id\":\"https:\/\/camping-la-vallee-des-vignes.com\/de\/unser-umweltansatz\/#primaryimage\"},\"image\":{\"@id\":\"https:\/\/camping-la-vallee-des-vignes.com\/de\/unser-umweltansatz\/#primaryimage\"},\"thumbnailUrl\":\"https:\/\/camping-la-vallee-des-vignes.com\/wp-content\/uploads\/2024\/04\/homme-plante-nature-environnement.webp\",\"datePublished\":\"2024-03-08T14:43:03+00:00\",\"dateModified\":\"2024-07-17T07:52:42+00:00\",\"description\":\"Erleben Sie einen Natururlaub auf dem Campingplatz im Departement Maine-et-Loire. Entdecken Sie die Vorteile eines \u00f6kologischen Campingplatzes in der N\u00e4he von Saumur.\",\"breadcrumb\":{\"@id\":\"https:\/\/camping-la-vallee-des-vignes.com\/de\/unser-umweltansatz\/#breadcrumb\"},\"inLanguage\":\"de\",\"potentialAction\":[{\"@type\":\"ReadAction\",\"target\":[\"https:\/\/camping-la-vallee-des-vignes.com\/de\/unser-umweltansatz\/\"]}]},{\"@type\":\"ImageObject\",\"inLanguage\":\"de\",\"@id\":\"https:\/\/camping-la-vallee-des-vignes.com\/de\/unser-umweltansatz\/#primaryimage\",\"url\":\"https:\/\/camping-la-vallee-des-vignes.com\/wp-content\/uploads\/2024\/04\/homme-plante-nature-environnement.webp\",\"contentUrl\":\"https:\/\/camping-la-vallee-des-vignes.com\/wp-content\/uploads\/2024\/04\/homme-plante-nature-environnement.webp\",\"width\":1920,\"height\":1200,\"caption\":\"homme plante nature environnement\"},{\"@type\":\"BreadcrumbList\",\"@id\":\"https:\/\/camping-la-vallee-des-vignes.com\/de\/unser-umweltansatz\/#breadcrumb\",\"itemListElement\":[{\"@type\":\"ListItem\",\"position\":1,\"name\":\"Camping Maine-et-Loire\",\"item\":\"https:\/\/camping-la-vallee-des-vignes.com\/de\/\"},{\"@type\":\"ListItem\",\"position\":2,\"name\":\"Engagierter Campingplatz in Dou\u00e9-en-Anjou\"}]},{\"@type\":\"WebSite\",\"@id\":\"https:\/\/camping-la-vallee-des-vignes.com\/#website\",\"url\":\"https:\/\/camping-la-vallee-des-vignes.com\/\",\"name\":\"Camping La Vall\u00e9e des Vignes\",\"description\":\"\",\"publisher\":{\"@id\":\"https:\/\/camping-la-vallee-des-vignes.com\/#organization\"},\"potentialAction\":[{\"@type\":\"SearchAction\",\"target\":{\"@type\":\"EntryPoint\",\"urlTemplate\":\"https:\/\/camping-la-vallee-des-vignes.com\/?s={search_term_string}\"},\"query-input\":{\"@type\":\"PropertyValueSpecification\",\"valueRequired\":true,\"valueName\":\"search_term_string\"}}],\"inLanguage\":\"de\"},{\"@type\":\"Organization\",\"@id\":\"https:\/\/camping-la-vallee-des-vignes.com\/#organization\",\"name\":\"Camping La Vall\u00e9e des Vignes\",\"url\":\"https:\/\/camping-la-vallee-des-vignes.com\/\",\"logo\":{\"@type\":\"ImageObject\",\"inLanguage\":\"de\",\"@id\":\"https:\/\/camping-la-vallee-des-vignes.com\/#\/schema\/logo\/image\/\",\"url\":\"https:\/\/camping-la-vallee-des-vignes.com\/wp-content\/uploads\/2024\/03\/logo-camping-vallee-des-vignes.webp\",\"contentUrl\":\"https:\/\/camping-la-vallee-des-vignes.com\/wp-content\/uploads\/2024\/03\/logo-camping-vallee-des-vignes.webp\",\"width\":500,\"height\":500,\"caption\":\"Camping La Vall\u00e9e des Vignes\"},\"image\":{\"@id\":\"https:\/\/camping-la-vallee-des-vignes.com\/#\/schema\/logo\/image\/\"}}]}<\/script>\n<!-- \/ Yoast SEO plugin. -->","yoast_head_json":{"title":"Naturcamping Maine-et-Loire | \u00d6kologischer Campingplatz in der N\u00e4he von Saumur","description":"Erleben Sie einen Natururlaub auf dem Campingplatz im Departement Maine-et-Loire. Entdecken Sie die Vorteile eines \u00f6kologischen Campingplatzes in der N\u00e4he von Saumur.","robots":{"index":"index","follow":"follow","max-snippet":"max-snippet:-1","max-image-preview":"max-image-preview:large","max-video-preview":"max-video-preview:-1"},"canonical":"https:\/\/camping-la-vallee-des-vignes.com\/de\/unser-umweltansatz\/","og_locale":"de_DE","og_type":"article","og_title":"Naturcamping Maine-et-Loire | \u00d6kologischer Campingplatz in der N\u00e4he von Saumur","og_description":"Erleben Sie einen Natururlaub auf dem Campingplatz im Departement Maine-et-Loire. Entdecken Sie die Vorteile eines \u00f6kologischen Campingplatzes in der N\u00e4he von Saumur.","og_url":"https:\/\/camping-la-vallee-des-vignes.com\/de\/unser-umweltansatz\/","og_site_name":"Camping La Vall\u00e9e des Vignes","article_modified_time":"2024-07-17T07:52:42+00:00","og_image":[{"width":1920,"height":1200,"url":"https:\/\/camping-la-vallee-des-vignes.com\/wp-content\/uploads\/2024\/04\/homme-plante-nature-environnement.webp","type":"image\/webp"}],"twitter_card":"summary_large_image","twitter_misc":{"Gesch\u00e4tzte Lesezeit":"3\u00a0Minuten"},"schema":{"@context":"https:\/\/schema.org","@graph":[{"@type":"WebPage","@id":"https:\/\/camping-la-vallee-des-vignes.com\/de\/unser-umweltansatz\/","url":"https:\/\/camping-la-vallee-des-vignes.com\/de\/unser-umweltansatz\/","name":"Naturcamping Maine-et-Loire | \u00d6kologischer Campingplatz in der N\u00e4he von Saumur","isPartOf":{"@id":"https:\/\/camping-la-vallee-des-vignes.com\/#website"},"primaryImageOfPage":{"@id":"https:\/\/camping-la-vallee-des-vignes.com\/de\/unser-umweltansatz\/#primaryimage"},"image":{"@id":"https:\/\/camping-la-vallee-des-vignes.com\/de\/unser-umweltansatz\/#primaryimage"},"thumbnailUrl":"https:\/\/camping-la-vallee-des-vignes.com\/wp-content\/uploads\/2024\/04\/homme-plante-nature-environnement.webp","datePublished":"2024-03-08T14:43:03+00:00","dateModified":"2024-07-17T07:52:42+00:00","description":"Erleben Sie einen Natururlaub auf dem Campingplatz im Departement Maine-et-Loire. Entdecken Sie die Vorteile eines \u00f6kologischen Campingplatzes in der N\u00e4he von Saumur.","breadcrumb":{"@id":"https:\/\/camping-la-vallee-des-vignes.com\/de\/unser-umweltansatz\/#breadcrumb"},"inLanguage":"de","potentialAction":[{"@type":"ReadAction","target":["https:\/\/camping-la-vallee-des-vignes.com\/de\/unser-umweltansatz\/"]}]},{"@type":"ImageObject","inLanguage":"de","@id":"https:\/\/camping-la-vallee-des-vignes.com\/de\/unser-umweltansatz\/#primaryimage","url":"https:\/\/camping-la-vallee-des-vignes.com\/wp-content\/uploads\/2024\/04\/homme-plante-nature-environnement.webp","contentUrl":"https:\/\/camping-la-vallee-des-vignes.com\/wp-content\/uploads\/2024\/04\/homme-plante-nature-environnement.webp","width":1920,"height":1200,"caption":"homme plante nature environnement"},{"@type":"BreadcrumbList","@id":"https:\/\/camping-la-vallee-des-vignes.com\/de\/unser-umweltansatz\/#breadcrumb","itemListElement":[{"@type":"ListItem","position":1,"name":"Camping Maine-et-Loire","item":"https:\/\/camping-la-vallee-des-vignes.com\/de\/"},{"@type":"ListItem","position":2,"name":"Engagierter Campingplatz in Dou\u00e9-en-Anjou"}]},{"@type":"WebSite","@id":"https:\/\/camping-la-vallee-des-vignes.com\/#website","url":"https:\/\/camping-la-vallee-des-vignes.com\/","name":"Camping La Vall\u00e9e des Vignes","description":"","publisher":{"@id":"https:\/\/camping-la-vallee-des-vignes.com\/#organization"},"potentialAction":[{"@type":"SearchAction","target":{"@type":"EntryPoint","urlTemplate":"https:\/\/camping-la-vallee-des-vignes.com\/?s={search_term_string}"},"query-input":{"@type":"PropertyValueSpecification","valueRequired":true,"valueName":"search_term_string"}}],"inLanguage":"de"},{"@type":"Organization","@id":"https:\/\/camping-la-vallee-des-vignes.com\/#organization","name":"Camping La Vall\u00e9e des Vignes","url":"https:\/\/camping-la-vallee-des-vignes.com\/","logo":{"@type":"ImageObject","inLanguage":"de","@id":"https:\/\/camping-la-vallee-des-vignes.com\/#\/schema\/logo\/image\/","url":"https:\/\/camping-la-vallee-des-vignes.com\/wp-content\/uploads\/2024\/03\/logo-camping-vallee-des-vignes.webp","contentUrl":"https:\/\/camping-la-vallee-des-vignes.com\/wp-content\/uploads\/2024\/03\/logo-camping-vallee-des-vignes.webp","width":500,"height":500,"caption":"Camping La Vall\u00e9e des Vignes"},"image":{"@id":"https:\/\/camping-la-vallee-des-vignes.com\/#\/schema\/logo\/image\/"}}]}},"_links":{"self":[{"href":"https:\/\/camping-la-vallee-des-vignes.com\/de\/wp-json\/wp\/v2\/pages\/1653","targetHints":{"allow":["GET"]}}],"collection":[{"href":"https:\/\/camping-la-vallee-des-vignes.com\/de\/wp-json\/wp\/v2\/pages"}],"about":[{"href":"https:\/\/camping-la-vallee-des-vignes.com\/de\/wp-json\/wp\/v2\/types\/page"}],"author":[{"embeddable":true,"href":"https:\/\/camping-la-vallee-des-vignes.com\/de\/wp-json\/wp\/v2\/users\/4"}],"replies":[{"embeddable":true,"href":"https:\/\/camping-la-vallee-des-vignes.com\/de\/wp-json\/wp\/v2\/comments?post=1653"}],"version-history":[{"count":3,"href":"https:\/\/camping-la-vallee-des-vignes.com\/de\/wp-json\/wp\/v2\/pages\/1653\/revisions"}],"predecessor-version":[{"id":1667,"href":"https:\/\/camping-la-vallee-des-vignes.com\/de\/wp-json\/wp\/v2\/pages\/1653\/revisions\/1667"}],"wp:featuredmedia":[{"embeddable":true,"href":"https:\/\/camping-la-vallee-des-vignes.com\/de\/wp-json\/wp\/v2\/media\/1660"}],"wp:attachment":[{"href":"https:\/\/camping-la-vallee-des-vignes.com\/de\/wp-json\/wp\/v2\/media?parent=1653"}],"wp:term":[{"taxonomy":"sujet","embeddable":true,"href":"https:\/\/camping-la-vallee-des-vignes.com\/de\/wp-json\/wp\/v2\/sujet?post=1653"}],"curies":[{"name":"wp","href":"https:\/\/api.w.org\/{rel}","templated":true}]}}