{"id":1813,"date":"2024-03-08T15:43:40","date_gmt":"2024-03-08T14:43:40","guid":{"rendered":"https:\/\/camping-la-vallee-des-vignes.com\/vermietung-unterkunft-doue-en-anjou\/"},"modified":"2024-07-17T09:32:19","modified_gmt":"2024-07-17T07:32:19","slug":"vermietung-unterkunft-doue-en-anjou","status":"publish","type":"page","link":"https:\/\/camping-la-vallee-des-vignes.com\/de\/vermietung-unterkunft-doue-en-anjou\/","title":{"rendered":"Unterk\u00fcnfte"},"content":{"rendered":"<section id=\"ls-section-block_c6f767456c6b18517483c1d2c1f3d748\" class=\"ls-section  page-intro p-b-0 has-m-b m-b-0 has-p-t p-t-0\" >\r\n        <div class=\"container \">\r\n        \n\n<h1 class=\"ls__heading wp-block-heading has-text-align-center\">Mietunterk\u00fcnfte in der N\u00e4he von Saumur<\/h1>\n\n\n\n<p class=\"ls-paragraph has-text-align-center\">Auf unserem <a href=\"https:\/\/camping-la-vallee-des-vignes.com\/de\/\">Campingplatz im Maine-et-Loire<\/a> finden Sie Unterk\u00fcnfte, um einen sch\u00f6nen <strong>Urlaub mit Freunden oder der Familie<\/strong> zu verbringen.<\/p>\n\n\r\n    <\/div>\r\n<\/section><section id=\"ls-section-block_f5ffdcdc91328550b7b09fc7fe8689ff\" class=\"ls-section  p-t-0\" >\r\n        <div class=\"container container--wide\">\r\n        \n\n<div id=\"ls-hebergements-block_092b6f756b0ad3e21e42a23ac7b62238\" class=\"ls-hebergements\">\n\n    <div class=\"ls-customizer\">\n\n    <div class=\"ls-customizer__filters\">\n        <div class=\"ls-customizer__filters__close\">\n            <i class=\"fas fa-times\"><\/i>\n        <\/div>\n\n        <div class=\"ls-customizer__filters__title\">\n            <b>Filter<\/b>\n            <span class=\"ls-customizer__filters__clear\"><i class=\"fas fa-times\"><\/i> Filter l\u00f6schen<\/span>\n        <\/div>\n\n                \n        <!-- Filtres ACF fields -->\n                \n                                <!-- Filtre nombre_de_personnes -->\n                        <div class=\"filter\" id=\"filter-nombre_de_personnes\">\n                <div class=\"filter__title\">Anzahl der Personen<i class=\"fas fa-angle-down\"><\/i><\/div>\n                <fieldset data-filter=\"nombre_de_personnes\" data-operator=\"&gt;=\" class=\"input\">\n\n                    <div><input type=\"radio\" name=\"nombre_de_personnes\" id=\"nombre_de_personnes-all\"  class=\"checkbox\" \/><label for='nombre_de_personnes-all'>Alle<\/label><\/div><div><input type=\"radio\" name=\"nombre_de_personnes\" id=\"nombre_de_personnes-1\" value=\"1\" class=\"checkbox\"  \/><label for='nombre_de_personnes-1'>1 pers.<\/label><\/div><div><input type=\"radio\" name=\"nombre_de_personnes\" id=\"nombre_de_personnes-2\" value=\"2\" class=\"checkbox\"  \/><label for='nombre_de_personnes-2'>2 pers.<\/label><\/div><div><input type=\"radio\" name=\"nombre_de_personnes\" id=\"nombre_de_personnes-3\" value=\"3\" class=\"checkbox\"  \/><label for='nombre_de_personnes-3'>3 pers.<\/label><\/div><div><input type=\"radio\" name=\"nombre_de_personnes\" id=\"nombre_de_personnes-4\" value=\"4\" class=\"checkbox\"  \/><label for='nombre_de_personnes-4'>4 pers.<\/label><\/div><div><input type=\"radio\" name=\"nombre_de_personnes\" id=\"nombre_de_personnes-5\" value=\"5\" class=\"checkbox\"  \/><label for='nombre_de_personnes-5'>5 pers.<\/label><\/div><div><input type=\"radio\" name=\"nombre_de_personnes\" id=\"nombre_de_personnes-6\" value=\"6\" class=\"checkbox\"  \/><label for='nombre_de_personnes-6'>6 pers.<\/label><\/div><div><input type=\"radio\" name=\"nombre_de_personnes\" id=\"nombre_de_personnes-7\" value=\"7\" class=\"checkbox\"  \/><label for='nombre_de_personnes-7'>7 pers.<\/label><\/div><div><input type=\"radio\" name=\"nombre_de_personnes\" id=\"nombre_de_personnes-8\" value=\"8\" class=\"checkbox\"  \/><label for='nombre_de_personnes-8'>8 pers.<\/label><\/div>                <\/fieldset>\n            <\/div>\n                                <!-- Filtre nombre_de_chambres -->\n                        <div class=\"filter\" id=\"filter-nombre_de_chambres\">\n                <div class=\"filter__title\">Anzahl der Zimmer<i class=\"fas fa-angle-down\"><\/i><\/div>\n                <fieldset data-filter=\"nombre_de_chambres\" data-operator=\"==\" class=\"input\">\n\n                    <div><input type=\"radio\" name=\"nombre_de_chambres\" id=\"nombre_de_chambres-all\"  class=\"checkbox\" \/><label for='nombre_de_chambres-all'>Alle<\/label><\/div><div><input type=\"radio\" name=\"nombre_de_chambres\" id=\"nombre_de_chambres-2\" value=\"2\" class=\"checkbox\"  \/><label for='nombre_de_chambres-2'>2<\/label><\/div><div><input type=\"radio\" name=\"nombre_de_chambres\" id=\"nombre_de_chambres-3\" value=\"3\" class=\"checkbox\"  \/><label for='nombre_de_chambres-3'>3<\/label><\/div>                <\/fieldset>\n            <\/div>\n                    \n        \n    <\/div>\n\n\n<\/div><div class=\"ls-hebergements__results\" data-row=\"3\" data-campings=\"false\" data-types=\"[12]\"><div class=\"ls-hebergement\" data-postid='1917' data-id-reservation='95712' data-id-site='' data-id1='' data-nombre_de_personnes='5' data-nombre_de_chambres='3' data-last-update='' data-type='insolites locations'>\n\t\t\t<div class=\"ls-hebergement__thumb\">\n\t\t\t\t\t\t<img decoding=\"async\" src=\"https:\/\/camping-la-vallee-des-vignes.com\/wp-content\/uploads\/2024\/04\/Tente-Meublee-Confort-3ch.webp\" alt=\"M\u00f6bliertes Zelt Confort 3 Zi.\" \/>\n\t\t<\/div>\n\t\t<div class=\"ls-hebergement__content\">\n\t\t\t<div class=\"ls-hebergement__content__wrapper\">\n\t\t\t\t<div class=\"ls-hebergement__title\">\n\t\t\t\t\tM\u00f6bliertes Zelt Confort 3 Zi.\t\t\t\t<\/div>\n\n\t\t\t\t<div class=\"ls-hebergement__icons\">\n\t\t\t\t\t\t\t\t\t\t<span class=\"ls-hebergement__icon\">\n\t\t\t\t\t\t<i class=\"vignes-family\"><\/i>\n\t\t\t\t\t\t<div>5 pers.<\/div>\n\t\t\t\t\t<\/span>\n\t\t\t\t\t\n\t\t\t\t\t\t\t\t\t\t<span class=\"ls-hebergement__icon\">\n\t\t\t\t\t\t<i class=\"vignes-open-door\"><\/i>\n\t\t\t\t\t\t\t\t\t\t\t\t<div>3 zi.<\/div>\n\t\t\t\t\t\t\t\t\t\t\t<\/span>\n\t\t\t\t\t\n\t\t\t\t\t\t\t\t\t\t<span class=\"ls-hebergement__icon\">\n\t\t\t\t\t\t<i class=\"vignes-douche\"><\/i>\n\t\t\t\t\t\t<div>1<\/div>\n\t\t\t\t\t<\/span>\n\t\t\t\t\t\n\n\t\t\t\t\t\t\t\t\t\t<span class=\"ls-hebergement__icon\">\n\t\t\t\t\t\t<i class=\"vignes-area\"><\/i>\n\t\t\t\t\t\t<div>28m\u00b2<\/div>\n\t\t\t\t\t<\/span>\n\t\t\t\t\t\n\n\n\t\t\t\t\t\t\t\t\t<\/div>\n\n\t\t\t<\/div>\n\t\t<\/div>\n\n\t\t<div class=\"ls-hebergement__disponibilites ls-button\">\n\t\t\t<span>Entdecken Sie<i class=\"vignes-fleche\"><\/i><\/span>\n\t\t<\/div>\n\t\t<\/div><div class=\"ls-hebergement\" data-postid='1914' data-id-reservation='129693' data-id-site='' data-id1='' data-nombre_de_personnes='4' data-nombre_de_chambres='2' data-last-update='' data-type='insolites locations'>\n\t\t\t<div class=\"ls-hebergement__thumb\">\n\t\t\t\t\t\t<img decoding=\"async\" src=\"https:\/\/camping-la-vallee-des-vignes.com\/wp-content\/uploads\/2024\/03\/00001116846.webp\" alt=\"Premium Lodge-Zelt mit 2 Schlafzimmern\" \/>\n\t\t<\/div>\n\t\t<div class=\"ls-hebergement__content\">\n\t\t\t<div class=\"ls-hebergement__content__wrapper\">\n\t\t\t\t<div class=\"ls-hebergement__title\">\n\t\t\t\t\tPremium Lodge-Zelt mit 2 Schlafzimmern\t\t\t\t<\/div>\n\n\t\t\t\t<div class=\"ls-hebergement__icons\">\n\t\t\t\t\t\t\t\t\t\t<span class=\"ls-hebergement__icon\">\n\t\t\t\t\t\t<i class=\"vignes-family\"><\/i>\n\t\t\t\t\t\t<div>4 pers.<\/div>\n\t\t\t\t\t<\/span>\n\t\t\t\t\t\n\t\t\t\t\t\t\t\t\t\t<span class=\"ls-hebergement__icon\">\n\t\t\t\t\t\t<i class=\"vignes-open-door\"><\/i>\n\t\t\t\t\t\t\t\t\t\t\t\t<div>2 zi.<\/div>\n\t\t\t\t\t\t\t\t\t\t\t<\/span>\n\t\t\t\t\t\n\t\t\t\t\t\t\t\t\t\t<span class=\"ls-hebergement__icon\">\n\t\t\t\t\t\t<i class=\"vignes-douche\"><\/i>\n\t\t\t\t\t\t<div>1<\/div>\n\t\t\t\t\t<\/span>\n\t\t\t\t\t\n\n\t\t\t\t\t\t\t\t\t\t<span class=\"ls-hebergement__icon\">\n\t\t\t\t\t\t<i class=\"vignes-area\"><\/i>\n\t\t\t\t\t\t<div>23m\u00b2<\/div>\n\t\t\t\t\t<\/span>\n\t\t\t\t\t\n\n\n\t\t\t\t\t\t\t\t\t<\/div>\n\n\t\t\t<\/div>\n\t\t<\/div>\n\n\t\t<div class=\"ls-hebergement__disponibilites ls-button\">\n\t\t\t<span>Entdecken Sie<i class=\"vignes-fleche\"><\/i><\/span>\n\t\t<\/div>\n\t\t<\/div><div class=\"ls-hebergement\" data-postid='1912' data-id-reservation='73493' data-id-site='' data-id1='' data-nombre_de_personnes='6' data-nombre_de_chambres='2' data-last-update='' data-type='locations mobil-homes'>\n\t\t\t<div class=\"ls-hebergement__thumb\">\n\t\t\t\t\t\t<img decoding=\"async\" src=\"https:\/\/camping-la-vallee-des-vignes.com\/wp-content\/uploads\/2024\/04\/mobil-home-standard.webp\" alt=\"Mobilheim Standard 2 Schlafzimmer\" \/>\n\t\t<\/div>\n\t\t<div class=\"ls-hebergement__content\">\n\t\t\t<div class=\"ls-hebergement__content__wrapper\">\n\t\t\t\t<div class=\"ls-hebergement__title\">\n\t\t\t\t\tMobilheim Standard 2 Schlafzimmer\t\t\t\t<\/div>\n\n\t\t\t\t<div class=\"ls-hebergement__icons\">\n\t\t\t\t\t\t\t\t\t\t<span class=\"ls-hebergement__icon\">\n\t\t\t\t\t\t<i class=\"vignes-family\"><\/i>\n\t\t\t\t\t\t<div>6 pers.<\/div>\n\t\t\t\t\t<\/span>\n\t\t\t\t\t\n\t\t\t\t\t\t\t\t\t\t<span class=\"ls-hebergement__icon\">\n\t\t\t\t\t\t<i class=\"vignes-open-door\"><\/i>\n\t\t\t\t\t\t\t\t\t\t\t\t<div>2 zi.<\/div>\n\t\t\t\t\t\t\t\t\t\t\t<\/span>\n\t\t\t\t\t\n\t\t\t\t\t\t\t\t\t\t<span class=\"ls-hebergement__icon\">\n\t\t\t\t\t\t<i class=\"vignes-douche\"><\/i>\n\t\t\t\t\t\t<div>1<\/div>\n\t\t\t\t\t<\/span>\n\t\t\t\t\t\n\n\t\t\t\t\t\t\t\t\t\t<span class=\"ls-hebergement__icon\">\n\t\t\t\t\t\t<i class=\"vignes-area\"><\/i>\n\t\t\t\t\t\t<div>30m\u00b2<\/div>\n\t\t\t\t\t<\/span>\n\t\t\t\t\t\n\n\n\t\t\t\t\t\t\t\t\t<\/div>\n\n\t\t\t<\/div>\n\t\t<\/div>\n\n\t\t<div class=\"ls-hebergement__disponibilites ls-button\">\n\t\t\t<span>Entdecken Sie<i class=\"vignes-fleche\"><\/i><\/span>\n\t\t<\/div>\n\t\t<\/div><div class=\"ls-hebergement\" data-postid='1909' data-id-reservation='129938' data-id-site='' data-id1='' data-nombre_de_personnes='8' data-nombre_de_chambres='3' data-last-update='' data-type='locations mobil-homes'>\n\t\t\t<div class=\"ls-hebergement__thumb\">\n\t\t\t\t\t\t<img decoding=\"async\" src=\"https:\/\/camping-la-vallee-des-vignes.com\/wp-content\/uploads\/2024\/04\/Mobil-home-Standard-3-chambres.webp\" alt=\"Mobilheim Standard 3 Schlafzimmer\" \/>\n\t\t<\/div>\n\t\t<div class=\"ls-hebergement__content\">\n\t\t\t<div class=\"ls-hebergement__content__wrapper\">\n\t\t\t\t<div class=\"ls-hebergement__title\">\n\t\t\t\t\tMobilheim Standard 3 Schlafzimmer\t\t\t\t<\/div>\n\n\t\t\t\t<div class=\"ls-hebergement__icons\">\n\t\t\t\t\t\t\t\t\t\t<span class=\"ls-hebergement__icon\">\n\t\t\t\t\t\t<i class=\"vignes-family\"><\/i>\n\t\t\t\t\t\t<div>8 pers.<\/div>\n\t\t\t\t\t<\/span>\n\t\t\t\t\t\n\t\t\t\t\t\t\t\t\t\t<span class=\"ls-hebergement__icon\">\n\t\t\t\t\t\t<i class=\"vignes-open-door\"><\/i>\n\t\t\t\t\t\t\t\t\t\t\t\t<div>3 zi.<\/div>\n\t\t\t\t\t\t\t\t\t\t\t<\/span>\n\t\t\t\t\t\n\t\t\t\t\t\t\t\t\t\t<span class=\"ls-hebergement__icon\">\n\t\t\t\t\t\t<i class=\"vignes-douche\"><\/i>\n\t\t\t\t\t\t<div>1<\/div>\n\t\t\t\t\t<\/span>\n\t\t\t\t\t\n\n\t\t\t\t\t\n\n\n\t\t\t\t\t\t\t\t\t<\/div>\n\n\t\t\t<\/div>\n\t\t<\/div>\n\n\t\t<div class=\"ls-hebergement__disponibilites ls-button\">\n\t\t\t<span>Entdecken Sie<i class=\"vignes-fleche\"><\/i><\/span>\n\t\t<\/div>\n\t\t<\/div><div class=\"ls-hebergement\" data-postid='1906' data-id-reservation='112689' data-id-site='' data-id1='' data-nombre_de_personnes='6' data-nombre_de_chambres='2' data-last-update='' data-type='locations mobil-homes'>\n\t\t\t<div class=\"ls-hebergement__thumb\">\n\t\t\t\t\t\t<img decoding=\"async\" src=\"https:\/\/camping-la-vallee-des-vignes.com\/wp-content\/uploads\/2024\/03\/00001005193.webp\" alt=\"Mobilheim Confort 2 Zimmer\" \/>\n\t\t<\/div>\n\t\t<div class=\"ls-hebergement__content\">\n\t\t\t<div class=\"ls-hebergement__content__wrapper\">\n\t\t\t\t<div class=\"ls-hebergement__title\">\n\t\t\t\t\tMobilheim Confort 2 Zimmer\t\t\t\t<\/div>\n\n\t\t\t\t<div class=\"ls-hebergement__icons\">\n\t\t\t\t\t\t\t\t\t\t<span class=\"ls-hebergement__icon\">\n\t\t\t\t\t\t<i class=\"vignes-family\"><\/i>\n\t\t\t\t\t\t<div>6 pers.<\/div>\n\t\t\t\t\t<\/span>\n\t\t\t\t\t\n\t\t\t\t\t\t\t\t\t\t<span class=\"ls-hebergement__icon\">\n\t\t\t\t\t\t<i class=\"vignes-open-door\"><\/i>\n\t\t\t\t\t\t\t\t\t\t\t\t<div>2 zi.<\/div>\n\t\t\t\t\t\t\t\t\t\t\t<\/span>\n\t\t\t\t\t\n\t\t\t\t\t\t\t\t\t\t<span class=\"ls-hebergement__icon\">\n\t\t\t\t\t\t<i class=\"vignes-douche\"><\/i>\n\t\t\t\t\t\t<div>1<\/div>\n\t\t\t\t\t<\/span>\n\t\t\t\t\t\n\n\t\t\t\t\t\t\t\t\t\t<span class=\"ls-hebergement__icon\">\n\t\t\t\t\t\t<i class=\"vignes-area\"><\/i>\n\t\t\t\t\t\t<div>24m\u00b2<\/div>\n\t\t\t\t\t<\/span>\n\t\t\t\t\t\n\n\n\t\t\t\t\t\t\t\t\t<\/div>\n\n\t\t\t<\/div>\n\t\t<\/div>\n\n\t\t<div class=\"ls-hebergement__disponibilites ls-button\">\n\t\t\t<span>Entdecken Sie<i class=\"vignes-fleche\"><\/i><\/span>\n\t\t<\/div>\n\t\t<\/div><div class=\"ls-hebergement\" data-postid='1904' data-id-reservation='112690' data-id-site='' data-id1='' data-nombre_de_personnes='8' data-nombre_de_chambres='3' data-last-update='' data-type='locations mobil-homes'>\n\t\t\t<div class=\"ls-hebergement__thumb\">\n\t\t\t\t\t\t<img decoding=\"async\" src=\"https:\/\/camping-la-vallee-des-vignes.com\/wp-content\/uploads\/2024\/04\/mobil-home-confort-3-chambres.webp\" alt=\"Mobilheim Confort 3 Zimmer\" \/>\n\t\t<\/div>\n\t\t<div class=\"ls-hebergement__content\">\n\t\t\t<div class=\"ls-hebergement__content__wrapper\">\n\t\t\t\t<div class=\"ls-hebergement__title\">\n\t\t\t\t\tMobilheim Confort 3 Zimmer\t\t\t\t<\/div>\n\n\t\t\t\t<div class=\"ls-hebergement__icons\">\n\t\t\t\t\t\t\t\t\t\t<span class=\"ls-hebergement__icon\">\n\t\t\t\t\t\t<i class=\"vignes-family\"><\/i>\n\t\t\t\t\t\t<div>8 pers.<\/div>\n\t\t\t\t\t<\/span>\n\t\t\t\t\t\n\t\t\t\t\t\t\t\t\t\t<span class=\"ls-hebergement__icon\">\n\t\t\t\t\t\t<i class=\"vignes-open-door\"><\/i>\n\t\t\t\t\t\t\t\t\t\t\t\t<div>3 zi.<\/div>\n\t\t\t\t\t\t\t\t\t\t\t<\/span>\n\t\t\t\t\t\n\t\t\t\t\t\t\t\t\t\t<span class=\"ls-hebergement__icon\">\n\t\t\t\t\t\t<i class=\"vignes-douche\"><\/i>\n\t\t\t\t\t\t<div>1<\/div>\n\t\t\t\t\t<\/span>\n\t\t\t\t\t\n\n\t\t\t\t\t\t\t\t\t\t<span class=\"ls-hebergement__icon\">\n\t\t\t\t\t\t<i class=\"vignes-area\"><\/i>\n\t\t\t\t\t\t<div>32m\u00b2<\/div>\n\t\t\t\t\t<\/span>\n\t\t\t\t\t\n\n\n\t\t\t\t\t\t\t\t\t<\/div>\n\n\t\t\t<\/div>\n\t\t<\/div>\n\n\t\t<div class=\"ls-hebergement__disponibilites ls-button\">\n\t\t\t<span>Entdecken Sie<i class=\"vignes-fleche\"><\/i><\/span>\n\t\t<\/div>\n\t\t<\/div><div class=\"ls-hebergement\" data-postid='1902' data-id-reservation='129939' data-id-site='' data-id1='' data-nombre_de_personnes='7' data-nombre_de_chambres='2' data-last-update='' data-type='locations mobil-homes'>\n\t\t\t<div class=\"ls-hebergement__thumb\">\n\t\t\t\t\t\t<img decoding=\"async\" src=\"https:\/\/camping-la-vallee-des-vignes.com\/wp-content\/uploads\/2024\/06\/Camping-La-Vallee-des-Vignes-MH-Prestige.webp\" alt=\"Mobilheim Prestige 2 Zimmer\" \/>\n\t\t<\/div>\n\t\t<div class=\"ls-hebergement__content\">\n\t\t\t<div class=\"ls-hebergement__content__wrapper\">\n\t\t\t\t<div class=\"ls-hebergement__title\">\n\t\t\t\t\tMobilheim Prestige 2 Zimmer\t\t\t\t<\/div>\n\n\t\t\t\t<div class=\"ls-hebergement__icons\">\n\t\t\t\t\t\t\t\t\t\t<span class=\"ls-hebergement__icon\">\n\t\t\t\t\t\t<i class=\"vignes-family\"><\/i>\n\t\t\t\t\t\t<div>7 pers.<\/div>\n\t\t\t\t\t<\/span>\n\t\t\t\t\t\n\t\t\t\t\t\t\t\t\t\t<span class=\"ls-hebergement__icon\">\n\t\t\t\t\t\t<i class=\"vignes-open-door\"><\/i>\n\t\t\t\t\t\t\t\t\t\t\t\t<div>2 zi.<\/div>\n\t\t\t\t\t\t\t\t\t\t\t<\/span>\n\t\t\t\t\t\n\t\t\t\t\t\t\t\t\t\t<span class=\"ls-hebergement__icon\">\n\t\t\t\t\t\t<i class=\"vignes-douche\"><\/i>\n\t\t\t\t\t\t<div>1<\/div>\n\t\t\t\t\t<\/span>\n\t\t\t\t\t\n\n\t\t\t\t\t\t\t\t\t\t<span class=\"ls-hebergement__icon\">\n\t\t\t\t\t\t<i class=\"vignes-area\"><\/i>\n\t\t\t\t\t\t<div>29.5m\u00b2<\/div>\n\t\t\t\t\t<\/span>\n\t\t\t\t\t\n\n\n\t\t\t\t\t\t\t\t\t<\/div>\n\n\t\t\t<\/div>\n\t\t<\/div>\n\n\t\t<div class=\"ls-hebergement__disponibilites ls-button\">\n\t\t\t<span>Entdecken Sie<i class=\"vignes-fleche\"><\/i><\/span>\n\t\t<\/div>\n\t\t<\/div><div class=\"ls-hebergement\" data-postid='1899' data-id-reservation='131176' data-id-site='' data-id1='' data-nombre_de_personnes='4' data-nombre_de_chambres='2' data-last-update='' data-type='locations mobil-homes'>\n\t\t\t<div class=\"ls-hebergement__thumb\">\n\t\t\t\t\t\t<img decoding=\"async\" src=\"https:\/\/camping-la-vallee-des-vignes.com\/wp-content\/uploads\/2024\/04\/Mobil-Home-Confort-PMR-2-chambres.webp\" alt=\"Mobilheim Confort PMR 2 Zimmer\" \/>\n\t\t<\/div>\n\t\t<div class=\"ls-hebergement__content\">\n\t\t\t<div class=\"ls-hebergement__content__wrapper\">\n\t\t\t\t<div class=\"ls-hebergement__title\">\n\t\t\t\t\tMobilheim Confort PMR 2 Zimmer\t\t\t\t<\/div>\n\n\t\t\t\t<div class=\"ls-hebergement__icons\">\n\t\t\t\t\t\t\t\t\t\t<span class=\"ls-hebergement__icon\">\n\t\t\t\t\t\t<i class=\"vignes-family\"><\/i>\n\t\t\t\t\t\t<div>4 pers.<\/div>\n\t\t\t\t\t<\/span>\n\t\t\t\t\t\n\t\t\t\t\t\t\t\t\t\t<span class=\"ls-hebergement__icon\">\n\t\t\t\t\t\t<i class=\"vignes-open-door\"><\/i>\n\t\t\t\t\t\t\t\t\t\t\t\t<div>2 zi.<\/div>\n\t\t\t\t\t\t\t\t\t\t\t<\/span>\n\t\t\t\t\t\n\t\t\t\t\t\t\t\t\t\t<span class=\"ls-hebergement__icon\">\n\t\t\t\t\t\t<i class=\"vignes-douche\"><\/i>\n\t\t\t\t\t\t<div>1<\/div>\n\t\t\t\t\t<\/span>\n\t\t\t\t\t\n\n\t\t\t\t\t\t\t\t\t\t<span class=\"ls-hebergement__icon\">\n\t\t\t\t\t\t<i class=\"vignes-area\"><\/i>\n\t\t\t\t\t\t<div>32m\u00b2<\/div>\n\t\t\t\t\t<\/span>\n\t\t\t\t\t\n\n\n\t\t\t\t\t\t\t\t\t<\/div>\n\n\t\t\t<\/div>\n\t\t<\/div>\n\n\t\t<div class=\"ls-hebergement__disponibilites ls-button\">\n\t\t\t<span>Entdecken Sie<i class=\"vignes-fleche\"><\/i><\/span>\n\t\t<\/div>\n\t\t<\/div><\/div><\/div>\n\r\n    <\/div>\r\n<\/section><section id=\"ls-section-block_ebbacd815fa100d26a59dca2fd4cbe1a\" class=\"ls-section  page-one has-m-t m-t-0 has-p-t p-t-0\" >\r\n        <div class=\"container container--wide\">\r\n        \n\n<div class=\"wp-block-columns is-layout-flex wp-container-core-columns-is-layout-9d6595d7 wp-block-columns-is-layout-flex\">\n<div class=\"wp-block-column is-vertically-aligned-center is-layout-flow wp-block-column-is-layout-flow\" style=\"flex-basis:33.33%\">\n<h2 class=\"ls__heading wp-block-heading\"><strong>Die Mobilheime<\/strong>, die Sie in <strong>Maine-et-Loire<\/strong> mieten k\u00f6nnen<\/h2>\n\n\n\n<p class=\"ls-paragraph\">Um unseren G\u00e4sten noch mehr Komfort zu bieten, werden wir 2024 die Mietkapazit\u00e4t des Campingplatzes um etwa 15 zus\u00e4tzliche, komplett <strong>ausgestattete<\/strong> Unterk\u00fcnfte erweitern. Zus\u00e4tzlich zu den bereits auf der Website vorhandenen Unterk\u00fcnften f\u00fcgen wir Mobilheime hinzu, aber auch atypische Unterk\u00fcnfte.<\/p>\n\n\n\n<p class=\"ls-paragraph\">Unsere Mobilheime sind alle weniger als 10 Jahre alt und verf\u00fcgen \u00fcber 2 oder 3 Schlafzimmer. Sie k\u00f6nnen je nach Modell <strong>4 bis 8 Personen<\/strong> beherbergen. Wir bieten Ihnen auch eine Reihe von neuen Mobilheimen und atypischen Unterk\u00fcnften an, um unsere Vermietungsm\u00f6glichkeiten zu vervollst\u00e4ndigen.<\/p>\n<\/div>\n\n\n\n<div class=\"wp-block-column is-layout-flow wp-block-column-is-layout-flow\" style=\"flex-basis:66.66%\">\n<figure class=\"wp-block-gallery has-nested-images columns-default is-cropped wp-block-gallery-slider left animated fadeInRight delay-100ms slow wp-block-gallery-1 is-layout-flex wp-block-gallery-is-layout-flex\">\n<figure class=\"wp-block-image size-full\"><img decoding=\"async\" width=\"1000\" height=\"667\" data-id=\"1034\" src=\"https:\/\/camping-la-vallee-des-vignes.com\/wp-content\/uploads\/2024\/04\/mobil-home-confort-3-chambres.webp\" alt=\"Mobilheim Komfort 3 Schlafzimmer\" class=\"wp-image-1034\" srcset=\"https:\/\/camping-la-vallee-des-vignes.com\/wp-content\/uploads\/2024\/04\/mobil-home-confort-3-chambres.webp 1000w, https:\/\/camping-la-vallee-des-vignes.com\/wp-content\/uploads\/2024\/04\/mobil-home-confort-3-chambres-300x200.webp 300w, https:\/\/camping-la-vallee-des-vignes.com\/wp-content\/uploads\/2024\/04\/mobil-home-confort-3-chambres-768x512.webp 768w\" sizes=\"(max-width: 1000px) 100vw, 1000px\" \/><\/figure>\n\n\n\n<figure class=\"wp-block-image size-full\"><img decoding=\"async\" width=\"1000\" height=\"667\" data-id=\"1037\" src=\"https:\/\/camping-la-vallee-des-vignes.com\/wp-content\/uploads\/2024\/04\/mobil-home-confort-salon-cuisine.webp\" alt=\"Mobilheim Komfort Wohnzimmer K&#xFC;che\" class=\"wp-image-1037\" srcset=\"https:\/\/camping-la-vallee-des-vignes.com\/wp-content\/uploads\/2024\/04\/mobil-home-confort-salon-cuisine.webp 1000w, https:\/\/camping-la-vallee-des-vignes.com\/wp-content\/uploads\/2024\/04\/mobil-home-confort-salon-cuisine-300x200.webp 300w, https:\/\/camping-la-vallee-des-vignes.com\/wp-content\/uploads\/2024\/04\/mobil-home-confort-salon-cuisine-768x512.webp 768w\" sizes=\"(max-width: 1000px) 100vw, 1000px\" \/><\/figure>\n\n\n\n<figure class=\"wp-block-image size-full\"><img decoding=\"async\" width=\"1000\" height=\"667\" data-id=\"1039\" src=\"https:\/\/camping-la-vallee-des-vignes.com\/wp-content\/uploads\/2024\/04\/mobil-home-confort-salle-a-manger.webp\" alt=\"Mobilheim Komfort Esszimmer\" class=\"wp-image-1039\" srcset=\"https:\/\/camping-la-vallee-des-vignes.com\/wp-content\/uploads\/2024\/04\/mobil-home-confort-salle-a-manger.webp 1000w, https:\/\/camping-la-vallee-des-vignes.com\/wp-content\/uploads\/2024\/04\/mobil-home-confort-salle-a-manger-300x200.webp 300w, https:\/\/camping-la-vallee-des-vignes.com\/wp-content\/uploads\/2024\/04\/mobil-home-confort-salle-a-manger-768x512.webp 768w\" sizes=\"(max-width: 1000px) 100vw, 1000px\" \/><\/figure>\n\n\n\n<figure class=\"wp-block-image size-full\"><img decoding=\"async\" width=\"1000\" height=\"667\" data-id=\"1041\" src=\"https:\/\/camping-la-vallee-des-vignes.com\/wp-content\/uploads\/2024\/04\/mobil-home-confort-chambre-grand-lit.webp\" alt=\"Mobilheim Komfort Zimmer mit Doppelbett\" class=\"wp-image-1041\" srcset=\"https:\/\/camping-la-vallee-des-vignes.com\/wp-content\/uploads\/2024\/04\/mobil-home-confort-chambre-grand-lit.webp 1000w, https:\/\/camping-la-vallee-des-vignes.com\/wp-content\/uploads\/2024\/04\/mobil-home-confort-chambre-grand-lit-300x200.webp 300w, https:\/\/camping-la-vallee-des-vignes.com\/wp-content\/uploads\/2024\/04\/mobil-home-confort-chambre-grand-lit-768x512.webp 768w\" sizes=\"(max-width: 1000px) 100vw, 1000px\" \/><\/figure>\n\n\n\n<figure class=\"wp-block-image size-full\"><img decoding=\"async\" width=\"1000\" height=\"667\" data-id=\"1043\" src=\"https:\/\/camping-la-vallee-des-vignes.com\/wp-content\/uploads\/2024\/04\/mobil-home-confort-chambre-double-lit.webp\" alt=\"Mobilheim Komfort Zimmer mit Doppelbett\" class=\"wp-image-1043\" srcset=\"https:\/\/camping-la-vallee-des-vignes.com\/wp-content\/uploads\/2024\/04\/mobil-home-confort-chambre-double-lit.webp 1000w, https:\/\/camping-la-vallee-des-vignes.com\/wp-content\/uploads\/2024\/04\/mobil-home-confort-chambre-double-lit-300x200.webp 300w, https:\/\/camping-la-vallee-des-vignes.com\/wp-content\/uploads\/2024\/04\/mobil-home-confort-chambre-double-lit-768x512.webp 768w\" sizes=\"(max-width: 1000px) 100vw, 1000px\" \/><\/figure>\n<\/figure>\n<\/div>\n<\/div>\n\n\r\n    <\/div>\r\n<\/section><section id=\"ls-section-block_162e7bb80d9867463bd13943bebe8868\" class=\"ls-section  home-two has-background-image has-background has-color-black-background-color has-m-b m-b-0 has-p-t p-t-30 has-p-b p-b-14\" >\r\n    <div class=\"ls-section__background-image opacity-80\"><img decoding=\"async\" src=\"https:\/\/camping-la-vallee-des-vignes.com\/wp-content\/uploads\/2024\/04\/famille-nature-vacances-espace-vert-e1712062907674.webp\" alt=\"famille nature vacances espace vert\"><\/div>    <div class=\"container container--wide\">\r\n        \n\n<div class=\"wp-block-columns is-layout-flex wp-container-core-columns-is-layout-9d6595d7 wp-block-columns-is-layout-flex\">\n<div class=\"wp-block-column is-vertically-aligned-bottom first is-layout-flow wp-block-column-is-layout-flow\" style=\"flex-basis:33.33%\">\n<h2 class=\"ls__heading wp-block-heading\"><strong>Unser Angebot an <br\/>Mobilheimen<\/strong> zum Mieten  <br\/>in der N\u00e4he von Saumur<\/h2>\n\n\n\n<p class=\"ls-paragraph\">Our mobile homes come in <strong>3 different ranges<\/strong> so that everyone can go on holiday with ease. <\/p>\n<\/div>\n\n\n\n<div class=\"wp-block-column is-vertically-aligned-bottom second is-layout-flow wp-block-column-is-layout-flow\" style=\"flex-basis:66.66%\">\n<div id=\"ls-heading ls-titre-div-block_89d88d7da0809b58e716e48da6298fa3\" class=\"ls-titre-div alignright h1-like\" >\n    Natur, Komfort <b>und Erinnerungen!<\/b><\/div>\n<\/div>\n<\/div>\n\n\r\n    <\/div>\r\n<\/section><section id=\"ls-section-block_d83db7ee1e23577e6349b42304220559\" class=\"ls-section  p-t-10 has-m-t m-t-0 has-p-t p-t-0\" >\r\n        <div class=\"container container--wide\">\r\n        \n\n<div class=\"wp-block-columns is-layout-flex wp-container-core-columns-is-layout-9d6595d7 wp-block-columns-is-layout-flex\">\n<div class=\"wp-block-column is-vertically-aligned-center is-layout-flow wp-block-column-is-layout-flow\" style=\"flex-basis:33.33%\">\n<p class=\"ls-paragraph\">Diese Kategorien sind wie folgt zusammengesetzt:  <\/p>\n\n\n\n<p class=\"ls-paragraph\">Die <strong>Standard- und Komfortlinien<\/strong>, f\u00fcr die wir Mobilheime mit 2 und 3 Schlafzimmern anbieten und die <strong>Prestigelinie<\/strong>, f\u00fcr die wir Mobilheime mit 2 Schlafzimmern anbieten.  <\/p>\n\n\n\n<p class=\"ls-paragraph\"><em>Unsere Meinung: Die Komfortlinie ist ideal, da sie Ihnen ein sehr gutes Preis-Leistungs-Verh\u00e4ltnis bietet.<\/em><\/p>\n\n\n\n<div id=\"ls-heading ls-titre-div-block_8df3b2d4ba3936b42893b63d282e4664\" class=\"ls-titre-div h2-like\" >\n    Das + :<\/div>\n\n\n\n<p class=\"ls-paragraph\"><em>Die neuen Prestige Mobilheime sind mit Geschirrsp\u00fcler, Haartrockner, Wifi, TV, Klimaanlage&#8230; ausgestattet.<\/em><\/p>\n\n\n\n<p class=\"ls-paragraph\">Alle unsere Mobilheime sind mit <strong>Kopfkissen<\/strong> und <strong>Bettdecken<\/strong> ausgestattet. Wir bieten Bettw\u00e4sche zum Verkauf an, wenn Sie Ihre eigene nicht mitbringen m\u00f6chten.<\/p>\n<\/div>\n\n\n\n<div class=\"wp-block-column is-layout-flow wp-block-column-is-layout-flow\" style=\"flex-basis:66.66%\">\n<figure class=\"wp-block-image size-full\"><img decoding=\"async\" width=\"1920\" height=\"1440\" src=\"https:\/\/camping-la-vallee-des-vignes.com\/wp-content\/uploads\/2024\/06\/Camping-La-Vallee-des-Vignes-MH-Prestige.webp\" alt=\"Campingplatz La Vall&#xE9;e des Vignes MH Prestige\" class=\"wp-image-1378\" srcset=\"https:\/\/camping-la-vallee-des-vignes.com\/wp-content\/uploads\/2024\/06\/Camping-La-Vallee-des-Vignes-MH-Prestige.webp 1920w, https:\/\/camping-la-vallee-des-vignes.com\/wp-content\/uploads\/2024\/06\/Camping-La-Vallee-des-Vignes-MH-Prestige-300x225.webp 300w, https:\/\/camping-la-vallee-des-vignes.com\/wp-content\/uploads\/2024\/06\/Camping-La-Vallee-des-Vignes-MH-Prestige-1024x768.webp 1024w, https:\/\/camping-la-vallee-des-vignes.com\/wp-content\/uploads\/2024\/06\/Camping-La-Vallee-des-Vignes-MH-Prestige-768x576.webp 768w, https:\/\/camping-la-vallee-des-vignes.com\/wp-content\/uploads\/2024\/06\/Camping-La-Vallee-des-Vignes-MH-Prestige-1536x1152.webp 1536w\" sizes=\"(max-width: 1920px) 100vw, 1920px\" \/><\/figure>\n<\/div>\n<\/div>\n\n\r\n    <\/div>\r\n<\/section><section id=\"atypiques\" class=\"ls-section  home-one page has-p-t p-t-14 has-p-b p-b-0\" >\r\n        <div class=\"container container--wide\">\r\n        \n\n<div class=\"wp-block-columns second is-layout-flex wp-container-core-columns-is-layout-9d6595d7 wp-block-columns-is-layout-flex\">\n<div class=\"wp-block-column is-vertically-aligned-center first is-layout-flow wp-block-column-is-layout-flow\" style=\"flex-basis:60%\">\n<figure class=\"wp-block-gallery has-nested-images columns-default is-cropped wp-block-gallery-slider left animated fadeInLeft delay-100ms slow wp-block-gallery-2 is-layout-flex wp-block-gallery-is-layout-flex\">\n<figure class=\"wp-block-image size-full\"><img decoding=\"async\" width=\"1080\" height=\"720\" data-id=\"640\" src=\"https:\/\/camping-la-vallee-des-vignes.com\/wp-content\/uploads\/2024\/03\/hebergement-insolite-atypique.webp\" alt=\"ungew&#xF6;hnliche atypische Unterkunft\" class=\"wp-image-640\" srcset=\"https:\/\/camping-la-vallee-des-vignes.com\/wp-content\/uploads\/2024\/03\/hebergement-insolite-atypique.webp 1080w, https:\/\/camping-la-vallee-des-vignes.com\/wp-content\/uploads\/2024\/03\/hebergement-insolite-atypique-300x200.webp 300w, https:\/\/camping-la-vallee-des-vignes.com\/wp-content\/uploads\/2024\/03\/hebergement-insolite-atypique-1024x683.webp 1024w, https:\/\/camping-la-vallee-des-vignes.com\/wp-content\/uploads\/2024\/03\/hebergement-insolite-atypique-768x512.webp 768w\" sizes=\"(max-width: 1080px) 100vw, 1080px\" \/><\/figure>\n\n\n\n<figure class=\"wp-block-image size-full\"><img decoding=\"async\" width=\"1080\" height=\"720\" data-id=\"1029\" src=\"https:\/\/camping-la-vallee-des-vignes.com\/wp-content\/uploads\/2024\/04\/tente-lodge-terrasse.webp\" alt=\"Lodge-Zelt Terrasse\" class=\"wp-image-1029\" srcset=\"https:\/\/camping-la-vallee-des-vignes.com\/wp-content\/uploads\/2024\/04\/tente-lodge-terrasse.webp 1080w, https:\/\/camping-la-vallee-des-vignes.com\/wp-content\/uploads\/2024\/04\/tente-lodge-terrasse-300x200.webp 300w, https:\/\/camping-la-vallee-des-vignes.com\/wp-content\/uploads\/2024\/04\/tente-lodge-terrasse-1024x683.webp 1024w, https:\/\/camping-la-vallee-des-vignes.com\/wp-content\/uploads\/2024\/04\/tente-lodge-terrasse-768x512.webp 768w\" sizes=\"(max-width: 1080px) 100vw, 1080px\" \/><\/figure>\n\n\n\n<figure class=\"wp-block-image size-full\"><img decoding=\"async\" width=\"1080\" height=\"720\" data-id=\"1031\" src=\"https:\/\/camping-la-vallee-des-vignes.com\/wp-content\/uploads\/2024\/04\/tente-lodge-chambre.webp\" alt=\"Zelt Lodge Zimmer\" class=\"wp-image-1031\" srcset=\"https:\/\/camping-la-vallee-des-vignes.com\/wp-content\/uploads\/2024\/04\/tente-lodge-chambre.webp 1080w, https:\/\/camping-la-vallee-des-vignes.com\/wp-content\/uploads\/2024\/04\/tente-lodge-chambre-300x200.webp 300w, https:\/\/camping-la-vallee-des-vignes.com\/wp-content\/uploads\/2024\/04\/tente-lodge-chambre-1024x683.webp 1024w, https:\/\/camping-la-vallee-des-vignes.com\/wp-content\/uploads\/2024\/04\/tente-lodge-chambre-768x512.webp 768w\" sizes=\"(max-width: 1080px) 100vw, 1080px\" \/><\/figure>\n<\/figure>\n<\/div>\n\n\n\n<div class=\"wp-block-column is-vertically-aligned-top second is-layout-flow wp-block-column-is-layout-flow\" style=\"flex-basis:40%\">\n<div class=\"wp-block-columns texte is-layout-flex wp-container-core-columns-is-layout-9d6595d7 wp-block-columns-is-layout-flex\">\n<div class=\"wp-block-column is-vertically-aligned-center is-layout-flow wp-block-column-is-layout-flow\">\n<h2 class=\"ls__heading wp-block-heading\"><strong>Unsere atypischen Unterk\u00fcnfte<\/strong> zur Miete im Maine-et-Loire<\/h2>\n\n\n\n<p class=\"ls-paragraph\">Neben unseren drei Mobilheimen bietet Ihnen der Campingplatz auch eine <strong>Reihe <\/strong> von <strong>atypischen<\/strong> <strong>Unterk\u00fcnften<\/strong> in zwei Kategorien: <\/p>\n\n\n\n<p class=\"ls-paragraph\"><strong>Ausgestattete Komfortzelte<\/strong> : Diese Zelte befinden sich in der Mitte des Campingplatzes und verf\u00fcgen \u00fcber private Sanit\u00e4ranlagen und Kochnischen auf dem Stellplatz. Mit ihren 3 Schlafzimmern k\u00f6nnen sie bis zu 5 Personen beherbergen.  <\/p>\n\n\n\n<div class=\"ls-lire-plus\">\n    <input id=\"ls-lire-plus-block_3826ef72bb307603e7476d14608b50cc69edfe169c96b\" type=\"checkbox\" class=\"ls-lire-plus__toggle\"  \/>\n    <label for=\"ls-lire-plus-block_3826ef72bb307603e7476d14608b50cc69edfe169c96b\" class=\"ls-lire-plus__toggle-label\">\n        <span>Lesen Sie mehr<\/span>\n        <span>Lesen Sie mehr<\/span>\n    <\/label>\n    <div class=\"ls-lire-plus__content\">\n        \n\n<p class=\"ls-paragraph\">Die<strong> Premium Mini-Wood Lodges mit Badezimmer auf Stelzen <\/strong>: Diese Unterk\u00fcnfte liegen am Ufer des Layon, sind ganz neu und bieten Platz f\u00fcr bis zu 4 Personen mit ihren 2 Schlafzimmern. Die Lodges verf\u00fcgen \u00fcber eine voll ausgestattete K\u00fcchenzeile und ein Badezimmer.  <\/p>\n\n\n\n<p class=\"ls-paragraph\">Diese atypischen Unterk\u00fcnfte sind alle ausgestattet und werden<strong> mit Bettdecken und Kopfkissen<\/strong> vermietet.  <\/p>\n\n\n\n<p class=\"ls-paragraph\">Wir bieten Bettw\u00e4sche zum Verkauf an, wenn Sie Ihre eigene nicht mitbringen m\u00f6chten.  <\/p>\n\n\n\n<p class=\"ls-paragraph\">Sind Sie eher ein Anh\u00e4nger des <strong>traditionellen Campings <\/strong>im Zelt oder auf einer Parzelle mit Ihrem Wohnwagen oder Wohnmobil? Wir laden Sie ein, einen Blick auf <a href=\"https:\/\/camping-la-vallee-des-vignes.com\/de\/vermietung-standort-doue-en-anjou\/\">unsere Stellpl\u00e4tze in der N\u00e4he von Saumur<\/a> zu werfen, die Garantie f\u00fcr einen Natururlaub und einen <a href=\"https:\/\/camping-la-vallee-des-vignes.com\/de\/preise\/\">g\u00fcnstigen Urlaub in Maine-et-Loire<\/a>!<\/p>\n\n        <div class=\"ls-lire-plus__gradient\" style=\"background: linear-gradient(to bottom,rgba(255,255,255,0) 0%,rgba(255,255,255,1) 100%);\"><\/div>\n    <\/div>\n<\/div><\/div>\n<\/div>\n<\/div>\n<\/div>\n\n\r\n    <\/div>\r\n<\/section><section id=\"ls-section-block_14f823de2648023ebd29d447bf9c5c8d\" class=\"ls-section  page-maillage has-background has-color-4-background-color has-m-b m-b-0 has-p-t p-t-14 has-p-b p-b-14\" >\r\n        <div class=\"container container--wide\">\r\n        \n\n<div id=\"ls-heading ls-titre-div-block_645f641729a72af6bd7b748c17af15a4\" class=\"ls-titre-div aligncenter h1-like\" >\n    Entdecken Sie unsere Dienstleistungen, unsere Standorte und unsere Preise<\/div>\n\n\n<div id=\"ls-maillage-block_2fb2042eadf3c4b0e5bee02f9b2f4055\" class=\"ls-maillage cta-style-normal\" data-rows=\"3\">\n    <div class=\"wp-block-columns\"><div class=\"wp-block-column\"><div class=\"ls-cta\">\n\n<a href=\"https:\/\/camping-la-vallee-des-vignes.com\/de\/unsere-dienstleistungen\/\" target=\"\" rel=\"noopener\" class=\"ls-cta__link\" data-categ=\"\">\n\t<div class=\"ls-cta__image\"><img decoding=\"async\" src=\"https:\/\/camping-la-vallee-des-vignes.com\/wp-content\/uploads\/2024\/06\/Camping-La-Vallee-des-Vignes-Burger-Montagnard-1.webp\" alt=\"Camping La Vallee des Vignes Burger Montagnard\"><\/div>\n\t<div class=\"ls-cta__title\">\n\t\t<span>Unsere Dienstleistungen<\/span> <i class=\"vignes-fleche\"><\/i>\n\t<\/div>\n\n\t<\/a><\/div><\/div><div class=\"wp-block-column\"><div class=\"ls-cta\">\n\n<a href=\"https:\/\/camping-la-vallee-des-vignes.com\/de\/preise\/\" target=\"\" rel=\"noopener\" class=\"ls-cta__link\" data-categ=\"\">\n\t<div class=\"ls-cta__image\"><img decoding=\"async\" src=\"https:\/\/camping-la-vallee-des-vignes.com\/wp-content\/uploads\/2024\/04\/mobil-home-confort-salon-cuisine.webp\" alt=\"Mobilheim Komfort Wohnzimmer K\u00fcche\"><\/div>\n\t<div class=\"ls-cta__title\">\n\t\t<span>Unsere Preise<\/span> <i class=\"vignes-fleche\"><\/i>\n\t<\/div>\n\n\t<\/a><\/div><\/div><div class=\"wp-block-column\"><div class=\"ls-cta\">\n\n<a href=\"https:\/\/camping-la-vallee-des-vignes.com\/de\/vermietung-standort-doue-en-anjou\/\" target=\"\" rel=\"noopener\" class=\"ls-cta__link\" data-categ=\"\">\n\t<div class=\"ls-cta__image\"><img decoding=\"async\" src=\"https:\/\/camping-la-vallee-des-vignes.com\/wp-content\/uploads\/2024\/03\/Camping-La-Vallee-des-VIgnes-Emplacement-Premium.webp\" alt=\"Campingplatz La Vall\u00e9e des VIgnes Stellplatz Premium\"><\/div>\n\t<div class=\"ls-cta__title\">\n\t\t<span>Unsere Standorte<\/span> <i class=\"vignes-fleche\"><\/i>\n\t<\/div>\n\n\t<\/a><\/div><\/div><\/div><\/div>\n\r\n    <\/div>\r\n<\/section>","protected":false},"excerpt":{"rendered":"","protected":false},"author":4,"featured_media":1822,"parent":0,"menu_order":0,"comment_status":"closed","ping_status":"closed","template":"","meta":{"_acf_changed":false,"inline_featured_image":false,"footnotes":""},"sujet":[],"class_list":["post-1813","page","type-page","status-publish","has-post-thumbnail","hentry"],"acf":[],"yoast_head":"<!-- This site is optimized with the Yoast SEO plugin v25.3 - https:\/\/yoast.com\/wordpress\/plugins\/seo\/ -->\n<title>Vermietung von ungew\u00f6hnlichen Unterk\u00fcnften und Mobilheimen in der N\u00e4he von Saumur<\/title>\n<meta name=\"description\" content=\"Mieten Sie ein komfortables Mobilheim oder entscheiden Sie sich f\u00fcr eine atypische Unterkunft (Zelt oder Lodge) f\u00fcr Ihren Aufenthalt im Departement Maine-et-Loire, in der N\u00e4he von Saumur.\" \/>\n<meta name=\"robots\" content=\"index, follow, max-snippet:-1, max-image-preview:large, max-video-preview:-1\" \/>\n<link rel=\"canonical\" href=\"https:\/\/camping-la-vallee-des-vignes.com\/de\/vermietung-unterkunft-doue-en-anjou\/\" \/>\n<meta property=\"og:locale\" content=\"de_DE\" \/>\n<meta property=\"og:type\" content=\"article\" \/>\n<meta property=\"og:title\" content=\"Vermietung von ungew\u00f6hnlichen Unterk\u00fcnften und Mobilheimen in der N\u00e4he von Saumur\" \/>\n<meta property=\"og:description\" content=\"Mieten Sie ein komfortables Mobilheim oder entscheiden Sie sich f\u00fcr eine atypische Unterkunft (Zelt oder Lodge) f\u00fcr Ihren Aufenthalt im Departement Maine-et-Loire, in der N\u00e4he von Saumur.\" \/>\n<meta property=\"og:url\" content=\"https:\/\/camping-la-vallee-des-vignes.com\/de\/vermietung-unterkunft-doue-en-anjou\/\" \/>\n<meta property=\"og:site_name\" content=\"Camping La Vall\u00e9e des Vignes\" \/>\n<meta property=\"article:modified_time\" content=\"2024-07-17T07:32:19+00:00\" \/>\n<meta property=\"og:image\" content=\"https:\/\/camping-la-vallee-des-vignes.com\/wp-content\/uploads\/2024\/04\/location-mobil-home-piscine-restaurant-anjou-e1712061168650.webp\" \/>\n\t<meta property=\"og:image:width\" content=\"1500\" \/>\n\t<meta property=\"og:image:height\" content=\"547\" \/>\n\t<meta property=\"og:image:type\" content=\"image\/webp\" \/>\n<meta name=\"twitter:card\" content=\"summary_large_image\" \/>\n<meta name=\"twitter:label1\" content=\"Gesch\u00e4tzte Lesezeit\" \/>\n\t<meta name=\"twitter:data1\" content=\"2\u00a0Minuten\" \/>\n<script type=\"application\/ld+json\" class=\"yoast-schema-graph\">{\"@context\":\"https:\/\/schema.org\",\"@graph\":[{\"@type\":\"WebPage\",\"@id\":\"https:\/\/camping-la-vallee-des-vignes.com\/de\/vermietung-unterkunft-doue-en-anjou\/\",\"url\":\"https:\/\/camping-la-vallee-des-vignes.com\/de\/vermietung-unterkunft-doue-en-anjou\/\",\"name\":\"Vermietung von ungew\u00f6hnlichen Unterk\u00fcnften und Mobilheimen in der N\u00e4he von Saumur\",\"isPartOf\":{\"@id\":\"https:\/\/camping-la-vallee-des-vignes.com\/#website\"},\"primaryImageOfPage\":{\"@id\":\"https:\/\/camping-la-vallee-des-vignes.com\/de\/vermietung-unterkunft-doue-en-anjou\/#primaryimage\"},\"image\":{\"@id\":\"https:\/\/camping-la-vallee-des-vignes.com\/de\/vermietung-unterkunft-doue-en-anjou\/#primaryimage\"},\"thumbnailUrl\":\"https:\/\/camping-la-vallee-des-vignes.com\/wp-content\/uploads\/2024\/04\/location-mobil-home-piscine-restaurant-anjou-e1712061168650.webp\",\"datePublished\":\"2024-03-08T14:43:40+00:00\",\"dateModified\":\"2024-07-17T07:32:19+00:00\",\"description\":\"Mieten Sie ein komfortables Mobilheim oder entscheiden Sie sich f\u00fcr eine atypische Unterkunft (Zelt oder Lodge) f\u00fcr Ihren Aufenthalt im Departement Maine-et-Loire, in der N\u00e4he von Saumur.\",\"breadcrumb\":{\"@id\":\"https:\/\/camping-la-vallee-des-vignes.com\/de\/vermietung-unterkunft-doue-en-anjou\/#breadcrumb\"},\"inLanguage\":\"de\",\"potentialAction\":[{\"@type\":\"ReadAction\",\"target\":[\"https:\/\/camping-la-vallee-des-vignes.com\/de\/vermietung-unterkunft-doue-en-anjou\/\"]}]},{\"@type\":\"ImageObject\",\"inLanguage\":\"de\",\"@id\":\"https:\/\/camping-la-vallee-des-vignes.com\/de\/vermietung-unterkunft-doue-en-anjou\/#primaryimage\",\"url\":\"https:\/\/camping-la-vallee-des-vignes.com\/wp-content\/uploads\/2024\/04\/location-mobil-home-piscine-restaurant-anjou-e1712061168650.webp\",\"contentUrl\":\"https:\/\/camping-la-vallee-des-vignes.com\/wp-content\/uploads\/2024\/04\/location-mobil-home-piscine-restaurant-anjou-e1712061168650.webp\",\"width\":1500,\"height\":547,\"caption\":\"location mobil home piscine restaurant anjou\"},{\"@type\":\"BreadcrumbList\",\"@id\":\"https:\/\/camping-la-vallee-des-vignes.com\/de\/vermietung-unterkunft-doue-en-anjou\/#breadcrumb\",\"itemListElement\":[{\"@type\":\"ListItem\",\"position\":1,\"name\":\"Camping Maine-et-Loire\",\"item\":\"https:\/\/camping-la-vallee-des-vignes.com\/de\/\"},{\"@type\":\"ListItem\",\"position\":2,\"name\":\"Vermietung Unterkunft Maine-et-Loire\"}]},{\"@type\":\"WebSite\",\"@id\":\"https:\/\/camping-la-vallee-des-vignes.com\/#website\",\"url\":\"https:\/\/camping-la-vallee-des-vignes.com\/\",\"name\":\"Camping La Vall\u00e9e des Vignes\",\"description\":\"\",\"publisher\":{\"@id\":\"https:\/\/camping-la-vallee-des-vignes.com\/#organization\"},\"potentialAction\":[{\"@type\":\"SearchAction\",\"target\":{\"@type\":\"EntryPoint\",\"urlTemplate\":\"https:\/\/camping-la-vallee-des-vignes.com\/?s={search_term_string}\"},\"query-input\":{\"@type\":\"PropertyValueSpecification\",\"valueRequired\":true,\"valueName\":\"search_term_string\"}}],\"inLanguage\":\"de\"},{\"@type\":\"Organization\",\"@id\":\"https:\/\/camping-la-vallee-des-vignes.com\/#organization\",\"name\":\"Camping La Vall\u00e9e des Vignes\",\"url\":\"https:\/\/camping-la-vallee-des-vignes.com\/\",\"logo\":{\"@type\":\"ImageObject\",\"inLanguage\":\"de\",\"@id\":\"https:\/\/camping-la-vallee-des-vignes.com\/#\/schema\/logo\/image\/\",\"url\":\"https:\/\/camping-la-vallee-des-vignes.com\/wp-content\/uploads\/2024\/03\/logo-camping-vallee-des-vignes.webp\",\"contentUrl\":\"https:\/\/camping-la-vallee-des-vignes.com\/wp-content\/uploads\/2024\/03\/logo-camping-vallee-des-vignes.webp\",\"width\":500,\"height\":500,\"caption\":\"Camping La Vall\u00e9e des Vignes\"},\"image\":{\"@id\":\"https:\/\/camping-la-vallee-des-vignes.com\/#\/schema\/logo\/image\/\"}}]}<\/script>\n<!-- \/ Yoast SEO plugin. -->","yoast_head_json":{"title":"Vermietung von ungew\u00f6hnlichen Unterk\u00fcnften und Mobilheimen in der N\u00e4he von Saumur","description":"Mieten Sie ein komfortables Mobilheim oder entscheiden Sie sich f\u00fcr eine atypische Unterkunft (Zelt oder Lodge) f\u00fcr Ihren Aufenthalt im Departement Maine-et-Loire, in der N\u00e4he von Saumur.","robots":{"index":"index","follow":"follow","max-snippet":"max-snippet:-1","max-image-preview":"max-image-preview:large","max-video-preview":"max-video-preview:-1"},"canonical":"https:\/\/camping-la-vallee-des-vignes.com\/de\/vermietung-unterkunft-doue-en-anjou\/","og_locale":"de_DE","og_type":"article","og_title":"Vermietung von ungew\u00f6hnlichen Unterk\u00fcnften und Mobilheimen in der N\u00e4he von Saumur","og_description":"Mieten Sie ein komfortables Mobilheim oder entscheiden Sie sich f\u00fcr eine atypische Unterkunft (Zelt oder Lodge) f\u00fcr Ihren Aufenthalt im Departement Maine-et-Loire, in der N\u00e4he von Saumur.","og_url":"https:\/\/camping-la-vallee-des-vignes.com\/de\/vermietung-unterkunft-doue-en-anjou\/","og_site_name":"Camping La Vall\u00e9e des Vignes","article_modified_time":"2024-07-17T07:32:19+00:00","og_image":[{"width":1500,"height":547,"url":"https:\/\/camping-la-vallee-des-vignes.com\/wp-content\/uploads\/2024\/04\/location-mobil-home-piscine-restaurant-anjou-e1712061168650.webp","type":"image\/webp"}],"twitter_card":"summary_large_image","twitter_misc":{"Gesch\u00e4tzte Lesezeit":"2\u00a0Minuten"},"schema":{"@context":"https:\/\/schema.org","@graph":[{"@type":"WebPage","@id":"https:\/\/camping-la-vallee-des-vignes.com\/de\/vermietung-unterkunft-doue-en-anjou\/","url":"https:\/\/camping-la-vallee-des-vignes.com\/de\/vermietung-unterkunft-doue-en-anjou\/","name":"Vermietung von ungew\u00f6hnlichen Unterk\u00fcnften und Mobilheimen in der N\u00e4he von Saumur","isPartOf":{"@id":"https:\/\/camping-la-vallee-des-vignes.com\/#website"},"primaryImageOfPage":{"@id":"https:\/\/camping-la-vallee-des-vignes.com\/de\/vermietung-unterkunft-doue-en-anjou\/#primaryimage"},"image":{"@id":"https:\/\/camping-la-vallee-des-vignes.com\/de\/vermietung-unterkunft-doue-en-anjou\/#primaryimage"},"thumbnailUrl":"https:\/\/camping-la-vallee-des-vignes.com\/wp-content\/uploads\/2024\/04\/location-mobil-home-piscine-restaurant-anjou-e1712061168650.webp","datePublished":"2024-03-08T14:43:40+00:00","dateModified":"2024-07-17T07:32:19+00:00","description":"Mieten Sie ein komfortables Mobilheim oder entscheiden Sie sich f\u00fcr eine atypische Unterkunft (Zelt oder Lodge) f\u00fcr Ihren Aufenthalt im Departement Maine-et-Loire, in der N\u00e4he von Saumur.","breadcrumb":{"@id":"https:\/\/camping-la-vallee-des-vignes.com\/de\/vermietung-unterkunft-doue-en-anjou\/#breadcrumb"},"inLanguage":"de","potentialAction":[{"@type":"ReadAction","target":["https:\/\/camping-la-vallee-des-vignes.com\/de\/vermietung-unterkunft-doue-en-anjou\/"]}]},{"@type":"ImageObject","inLanguage":"de","@id":"https:\/\/camping-la-vallee-des-vignes.com\/de\/vermietung-unterkunft-doue-en-anjou\/#primaryimage","url":"https:\/\/camping-la-vallee-des-vignes.com\/wp-content\/uploads\/2024\/04\/location-mobil-home-piscine-restaurant-anjou-e1712061168650.webp","contentUrl":"https:\/\/camping-la-vallee-des-vignes.com\/wp-content\/uploads\/2024\/04\/location-mobil-home-piscine-restaurant-anjou-e1712061168650.webp","width":1500,"height":547,"caption":"location mobil home piscine restaurant anjou"},{"@type":"BreadcrumbList","@id":"https:\/\/camping-la-vallee-des-vignes.com\/de\/vermietung-unterkunft-doue-en-anjou\/#breadcrumb","itemListElement":[{"@type":"ListItem","position":1,"name":"Camping Maine-et-Loire","item":"https:\/\/camping-la-vallee-des-vignes.com\/de\/"},{"@type":"ListItem","position":2,"name":"Vermietung Unterkunft Maine-et-Loire"}]},{"@type":"WebSite","@id":"https:\/\/camping-la-vallee-des-vignes.com\/#website","url":"https:\/\/camping-la-vallee-des-vignes.com\/","name":"Camping La Vall\u00e9e des Vignes","description":"","publisher":{"@id":"https:\/\/camping-la-vallee-des-vignes.com\/#organization"},"potentialAction":[{"@type":"SearchAction","target":{"@type":"EntryPoint","urlTemplate":"https:\/\/camping-la-vallee-des-vignes.com\/?s={search_term_string}"},"query-input":{"@type":"PropertyValueSpecification","valueRequired":true,"valueName":"search_term_string"}}],"inLanguage":"de"},{"@type":"Organization","@id":"https:\/\/camping-la-vallee-des-vignes.com\/#organization","name":"Camping La Vall\u00e9e des Vignes","url":"https:\/\/camping-la-vallee-des-vignes.com\/","logo":{"@type":"ImageObject","inLanguage":"de","@id":"https:\/\/camping-la-vallee-des-vignes.com\/#\/schema\/logo\/image\/","url":"https:\/\/camping-la-vallee-des-vignes.com\/wp-content\/uploads\/2024\/03\/logo-camping-vallee-des-vignes.webp","contentUrl":"https:\/\/camping-la-vallee-des-vignes.com\/wp-content\/uploads\/2024\/03\/logo-camping-vallee-des-vignes.webp","width":500,"height":500,"caption":"Camping La Vall\u00e9e des Vignes"},"image":{"@id":"https:\/\/camping-la-vallee-des-vignes.com\/#\/schema\/logo\/image\/"}}]}},"_links":{"self":[{"href":"https:\/\/camping-la-vallee-des-vignes.com\/de\/wp-json\/wp\/v2\/pages\/1813","targetHints":{"allow":["GET"]}}],"collection":[{"href":"https:\/\/camping-la-vallee-des-vignes.com\/de\/wp-json\/wp\/v2\/pages"}],"about":[{"href":"https:\/\/camping-la-vallee-des-vignes.com\/de\/wp-json\/wp\/v2\/types\/page"}],"author":[{"embeddable":true,"href":"https:\/\/camping-la-vallee-des-vignes.com\/de\/wp-json\/wp\/v2\/users\/4"}],"replies":[{"embeddable":true,"href":"https:\/\/camping-la-vallee-des-vignes.com\/de\/wp-json\/wp\/v2\/comments?post=1813"}],"version-history":[{"count":8,"href":"https:\/\/camping-la-vallee-des-vignes.com\/de\/wp-json\/wp\/v2\/pages\/1813\/revisions"}],"predecessor-version":[{"id":2119,"href":"https:\/\/camping-la-vallee-des-vignes.com\/de\/wp-json\/wp\/v2\/pages\/1813\/revisions\/2119"}],"wp:featuredmedia":[{"embeddable":true,"href":"https:\/\/camping-la-vallee-des-vignes.com\/de\/wp-json\/wp\/v2\/media\/1822"}],"wp:attachment":[{"href":"https:\/\/camping-la-vallee-des-vignes.com\/de\/wp-json\/wp\/v2\/media?parent=1813"}],"wp:term":[{"taxonomy":"sujet","embeddable":true,"href":"https:\/\/camping-la-vallee-des-vignes.com\/de\/wp-json\/wp\/v2\/sujet?post=1813"}],"curies":[{"name":"wp","href":"https:\/\/api.w.org\/{rel}","templated":true}]}}